{"id":1220,"date":"2022-03-16T19:55:18","date_gmt":"2022-03-16T22:55:18","guid":{"rendered":"https:\/\/refugies.immigrationfrancophone.ca\/nunavut\/"},"modified":"2022-04-04T13:40:10","modified_gmt":"2022-04-04T16:40:10","slug":"nunavut","status":"publish","type":"page","link":"https:\/\/refugies.immigrationfrancophone.ca\/en\/nunavut\/","title":{"rendered":"Nunavut"},"content":{"rendered":"<div class=\"wpb-content-wrapper\"><p>[vc_row][vc_column]\t<div class=\"theme-immigration\" style='background-image: url( https:\/\/refugies.immigrationfrancophone.ca\/wp-content\/uploads\/2022\/03\/Nunavut_FCFA_immigration_02.jpg );'>\n\t\t<div class=\"left-box\">\n\t\t\t\t\t\t\t<div class=\"title-box\">\n\t\t\t\t\t<h1>Nunavut<\/h1>\n\t\t\t\t<\/div>\n\t\t\t\t\t\t\t\t<div class=\"img-box d-lg-none\">\n\t\t\t\t\t<img decoding=\"async\" src=\"https:\/\/refugies.immigrationfrancophone.ca\/wp-content\/uploads\/2022\/03\/Nunavut_FCFA_immigration_02.jpg\" alt=\"Nunavut\"\/>\n\t\t\t\t<\/div>\n\t\t\t\t\t\t\t\t<div class=\"content-box\">\n\t\t\t\t\t<p>The creation of Nunavut in 1999 marked the culmination of the largest land-claim effort by Arctic Inuit. Just over 37,000 people live in this vast territory, which includes the entire west coast of Hudson Bay, Baffin Island and much of the Canadian Arctic Archipelago. There are 500 Francophones in the territory, most of whom live in the capital city of Iqaluit.<\/p>\n\t\t\t\t\t\t\t\t\t\t\t<div id=\"counter_count-1715749207\" class=\"counter-main\">\n\t\t\t\t\t\t\t\t\t\t\t\t\t\t\t\t<div class=\"counter-box langcode-en\">\n\t\t\t\t\t\t\t\t\t\t<h3 id=\"counter_1715749207_count-1\" data-fact=\"1235\">1235<\/h3>\n\t\t\t\t\t\t\t\t\t\t<p>Knowledge of French<\/p>\n\t\t\t\t\t\t\t\t\t<\/div>\n\t\t\t\t\t\t\t\t\t\t\t\t\t\t\t\t\t\t<div class=\"counter-box langcode-en\">\n\t\t\t\t\t\t\t\t\t\t<h3 id=\"counter_1715749207_count-2\" data-fact=\"505\">505<\/h3>\n\t\t\t\t\t\t\t\t\t\t<p>French first official language<\/p>\n\t\t\t\t\t\t\t\t\t<\/div>\n\t\t\t\t\t\t\t\t\t\t\t\t\t\t\t\t\t<p>Source: Statistics Canada, 2011 Census<\/p>\n\t\t\t\t\t\t\t\t\t\t\t\t\t\t<\/div>\n\t\t\t\t\t\t\t\t\t\t<\/div>\n\t\t\t\t\t\t<\/div>\n\t\t\t\t\t<div class=\"img-caption\">\n\t\t\t\t@Carrefour Nunavut\t\t\t<\/div>\n\t\t\t\t<\/div>\n\t[\/vc_column][\/vc_row][vc_row][vc_column]\t\t<div class=\"theme-services pt_70\">\n\t\t\t<div class=\"container\">\n\t\t\t\t<div class=\"row row-cols-1 row-cols-sm-2 row-cols-xl-4 gx-0 gy-5\">\n\t\t\t\t\t\t\t\t\t\t\t\t<div class=\"col\">\n\t\t\t\t\t\t\t\t<a href=\"#la-vie-en-fran\u00e7ais\">\t\t\t\t\t\t\t\t<div class=\"srv-box text-center\">\n\t\t\t\t\t\t\t\t\t\t\t\t\t\t\t\t\t\t\t<div class=\"icon-image\"><img loading=\"lazy\" decoding=\"async\" width=\"264\" height=\"238\" src=\"https:\/\/refugies.immigrationfrancophone.ca\/wp-content\/uploads\/2022\/03\/icon1.png\" class=\"attachment-full size-full\" alt=\"\" \/><\/div>\n\t\t\t\t\t\t\t\t\t\t\t\t\t\t\t\t\t\t\t<p>Life in French<\/p>\n\t\t\t\t\t\t\t\t<\/div>\n\t\t\t\t\t\t\t\t<\/a>\t\t\t\t\t\t\t<\/div>\n\t\t\t\t\t\t\t\t\t\t\t\t\t\t<div class=\"col\">\n\t\t\t\t\t\t\t\t<a href=\"#immigration\">\t\t\t\t\t\t\t\t<div class=\"srv-box text-center\">\n\t\t\t\t\t\t\t\t\t\t\t\t\t\t\t\t\t\t\t<div class=\"icon-image\"><img loading=\"lazy\" decoding=\"async\" width=\"234\" height=\"234\" src=\"https:\/\/refugies.immigrationfrancophone.ca\/wp-content\/uploads\/2022\/03\/icon2.png\" class=\"attachment-full size-full\" alt=\"\" srcset=\"https:\/\/refugies.immigrationfrancophone.ca\/wp-content\/uploads\/2022\/03\/icon2.png 234w, https:\/\/refugies.immigrationfrancophone.ca\/wp-content\/uploads\/2022\/03\/icon2-150x150.png 150w\" sizes=\"auto, (max-width: 234px) 100vw, 234px\" \/><\/div>\n\t\t\t\t\t\t\t\t\t\t\t\t\t\t\t\t\t\t\t<p>Immigration<\/p>\n\t\t\t\t\t\t\t\t<\/div>\n\t\t\t\t\t\t\t\t<\/a>\t\t\t\t\t\t\t<\/div>\n\t\t\t\t\t\t\t\t\t\t\t\t\t\t<div class=\"col\">\n\t\t\t\t\t\t\t\t<a href=\"#a-quoi-vous-attendre\">\t\t\t\t\t\t\t\t<div class=\"srv-box text-center\">\n\t\t\t\t\t\t\t\t\t\t\t\t\t\t\t\t\t\t\t<div class=\"icon-image\"><img loading=\"lazy\" decoding=\"async\" width=\"194\" height=\"258\" src=\"https:\/\/refugies.immigrationfrancophone.ca\/wp-content\/uploads\/2022\/03\/icon3.png\" class=\"attachment-full size-full\" alt=\"\" \/><\/div>\n\t\t\t\t\t\t\t\t\t\t\t\t\t\t\t\t\t\t\t<p>What to expect<\/p>\n\t\t\t\t\t\t\t\t<\/div>\n\t\t\t\t\t\t\t\t<\/a>\t\t\t\t\t\t\t<\/div>\n\t\t\t\t\t\t\t\t\t\t\t\t\t\t<div class=\"col\">\n\t\t\t\t\t\t\t\t<a href=\"#en-savoir-plus\">\t\t\t\t\t\t\t\t<div class=\"srv-box text-center\">\n\t\t\t\t\t\t\t\t\t\t\t\t\t\t\t\t\t\t\t<div class=\"icon-image\"><img loading=\"lazy\" decoding=\"async\" width=\"250\" height=\"247\" src=\"https:\/\/refugies.immigrationfrancophone.ca\/wp-content\/uploads\/2022\/03\/icon4.png\" class=\"attachment-full size-full\" alt=\"\" \/><\/div>\n\t\t\t\t\t\t\t\t\t\t\t\t\t\t\t\t\t\t\t<p>Read more<\/p>\n\t\t\t\t\t\t\t\t<\/div>\n\t\t\t\t\t\t\t\t<\/a>\t\t\t\t\t\t\t<\/div>\n\t\t\t\t\t\t\t\t\t\t\t<\/div>\n\t\t\t<\/div>\n\t\t<\/div>\n\t\t[\/vc_column][\/vc_row][vc_row el_id=&#8221;la-vie-en-fran\u00e7ais&#8221;][vc_column]\t\t<div class=\"section-header theme-common pt_80\">\n\t\t\t<div class=\"container\">\n\t\t\t\t<h3>\n\t\t\t\t\t\t\t\t\t\t\t<div class=\"icon-image\"><img loading=\"lazy\" decoding=\"async\" width=\"264\" height=\"238\" src=\"https:\/\/refugies.immigrationfrancophone.ca\/wp-content\/uploads\/2022\/03\/icon1.png\" class=\"attachment-full size-full\" alt=\"\" \/><\/div>\n\t\t\t\t\t\t\t\t\t\t\tLife in French\t\t\t\t<\/h3>\n\t\t\t<\/div>\n\t\t<\/div>\n\t\t[\/vc_column][\/vc_row][vc_row][vc_column]\t<div id=\"pageblock-content-603698031\" class=\"theme-common liststyle-1 noshape\">\n\t\t<div class=\"container pt_80 pb_80\">\n\t\t\t<div class=\"img-cnt-box noshape\">\n\t\t\t\t<div class=\"row gy-5\">\n\t\t\t\t\t\t\t\t\t\t\t<div class=\"col-md-5 blockleft\">\n\t\t\t\t\t\t\t\t\t\t\t\t\t\t\t<h4 class=\"blocktitle\">Education<\/h4>\n\t\t\t\t\t\t\t\t\t\t\t\t\t\t\t\t\t\t\t\t\t\t\t<figure>\n\t\t\t\t\t\t\t\t\t<img decoding=\"async\" class=\"blockimg\" src=\"https:\/\/refugies.immigrationfrancophone.ca\/wp-content\/uploads\/2022\/03\/Nunavut_FCFA_immigration_03-scaled.jpg\" alt=\"Education\" \/>\n\t\t\t\t\t\t\t\t\t\t\t\t\t\t\t\t\t<\/figure>\n\t\t\t\t\t\t\t\t\t\t\t\t\t\t<\/div>\n\t\t\t\t\t\t\t\t\t\t\t\t<div class=\"blockright col-md-7\">\n\t\t\t\t\t\t\t<div class=\"content-box\">\n\t\t\t\t\t\t\t\t<p>Located in Iqaluit, \u00c9cole des Trois-Soleils is the only French-language school in Nunavut, offering classes from kindergarten to grade 12. It is managed by the Commission scolaire francophone du Nunavut.<\/p>\n<ul>\n<li><a href=\"http:\/\/trois-soleils.ca\/troissol\/\" target=\"_blank\" rel=\"noopener\">Trois-Soleils<\/a><\/li>\n<li><a href=\"http:\/\/csfn.ca\/\" target=\"_blank\" rel=\"noopener\">Commission scolaire francophone du Nunavut<\/a><\/li>\n<\/ul>\n<p>There is also a French-language early childhood centre, Les Petits Nanooks.<\/p>\n\t\t\t\t\t\t\t<\/div>\n\t\t\t\t\t\t<\/div>\n\t\t\t\t\t\t\t\t\t\t<\/div>\n\t\t\t<\/div>\n\t\t<\/div>\n\t\t\t\t\t<div class=\"container\">\n\t\t\t\t<div class=\"bottom-seperator-row\"><\/div>\n\t\t\t<\/div>\n\t\t\t\t<\/div>\n\t[\/vc_column][\/vc_row][vc_row][vc_column]\t<div id=\"pageblock-content-1848387290\" class=\"theme-common liststyle-1\">\n\t\t<div class=\"container pt_80 pb_80\">\n\t\t\t<div class=\"img-cnt-box\">\n\t\t\t\t<div class=\"row gy-5\">\n\t\t\t\t\t\t\t\t\t\t\t<div class=\"col-md-5 blockleft\">\n\t\t\t\t\t\t\t\t\t\t\t\t\t\t\t<h4 class=\"blocktitle\">Health<\/h4>\n\t\t\t\t\t\t\t\t\t\t\t\t\t\t\t\t\t\t\t\t\t<\/div>\n\t\t\t\t\t\t\t\t\t\t\t\t<div class=\"blockright col-md-7\">\n\t\t\t\t\t\t\t<div class=\"content-box\">\n\t\t\t\t\t\t\t\t<p>The R\u00e9seau Sant\u00e9 en fran\u00e7ais au Nunavut (RESEFAN) maintains a directory of health services in Nunavut. These include the Qikiqtani General Hospital (Iqaluit).<\/p>\n<ul>\n<li><a href=\"https:\/\/resefan.ca\/\" target=\"_blank\" rel=\"noopener\">R\u00e9seau Sant\u00e9 en fran\u00e7ais au Nunavut (RESEFAN)<\/a><\/li>\n<\/ul>\n<p>\n\t\t\t\t\t\t\t<\/div>\n\t\t\t\t\t\t<\/div>\n\t\t\t\t\t\t\t\t\t\t<\/div>\n\t\t\t<\/div>\n\t\t<\/div>\n\t\t\t\t\t<div class=\"container\">\n\t\t\t\t<div class=\"bottom-seperator-row\"><\/div>\n\t\t\t<\/div>\n\t\t\t\t<\/div>\n\t[\/vc_column][\/vc_row][vc_row][vc_column]\t<div id=\"pageblock-content-470019321\" class=\"theme-common liststyle-1\">\n\t\t<div class=\"container pt_80 pb_80\">\n\t\t\t<div class=\"img-cnt-box\">\n\t\t\t\t<div class=\"row gy-5\">\n\t\t\t\t\t\t\t\t\t\t\t<div class=\"col-md-5 blockleft\">\n\t\t\t\t\t\t\t\t\t\t\t\t\t\t\t<h4 class=\"blocktitle\">Economy<\/h4>\n\t\t\t\t\t\t\t\t\t\t\t\t\t\t\t\t\t\t\t\t\t<\/div>\n\t\t\t\t\t\t\t\t\t\t\t\t<div class=\"blockright col-md-7\">\n\t\t\t\t\t\t\t<div class=\"content-box\">\n\t\t\t\t\t\t\t\t<p>Carrefour Nunavut is the authority on employment and economic development in French. It offers several resources for those who wish to settle, live and work in Nunavut.<\/p>\n<ul>\n<li><a href=\"https:\/\/carrefournunavut.ca\/fr\" target=\"_blank\" rel=\"noopener\">Carrefour Nunavut<\/a><\/li>\n<\/ul>\n<p>\n\t\t\t\t\t\t\t<\/div>\n\t\t\t\t\t\t<\/div>\n\t\t\t\t\t\t\t\t\t\t<\/div>\n\t\t\t<\/div>\n\t\t<\/div>\n\t\t\t<\/div>\n\t[\/vc_column][\/vc_row][vc_row el_id=&#8221;immigration&#8221;][vc_column]\t\t<div class=\"section-header theme-common pt_0 pb_0\">\n\t\t\t<div class=\"container\">\n\t\t\t\t<h3>\n\t\t\t\t\t\t\t\t\t\t\t<div class=\"icon-image\"><img loading=\"lazy\" decoding=\"async\" width=\"234\" height=\"234\" src=\"https:\/\/refugies.immigrationfrancophone.ca\/wp-content\/uploads\/2022\/03\/icon2.png\" class=\"attachment-full size-full\" alt=\"\" srcset=\"https:\/\/refugies.immigrationfrancophone.ca\/wp-content\/uploads\/2022\/03\/icon2.png 234w, https:\/\/refugies.immigrationfrancophone.ca\/wp-content\/uploads\/2022\/03\/icon2-150x150.png 150w\" sizes=\"auto, (max-width: 234px) 100vw, 234px\" \/><\/div>\n\t\t\t\t\t\t\t\t\t\t\tImmigration\t\t\t\t<\/h3>\n\t\t\t<\/div>\n\t\t<\/div>\n\t\t[\/vc_column][\/vc_row][vc_row][vc_column]\t<div id=\"pageblock-content-520796399\" class=\"theme-common liststyle-2 noshape\">\n\t\t<div class=\"container pt_80 pb_80\">\n\t\t\t<div class=\"img-cnt-box noshape\">\n\t\t\t\t<div class=\"row gy-5\">\n\t\t\t\t\t\t\t\t\t\t\t<div class=\"col-md-5 blockleft\">\n\t\t\t\t\t\t\t\t\t\t\t\t\t\t\t<h4 class=\"blocktitle\">Employment<\/h4>\n\t\t\t\t\t\t\t\t\t\t\t\t\t\t\t\t\t\t\t\t\t\t\t<figure>\n\t\t\t\t\t\t\t\t\t<img decoding=\"async\" class=\"blockimg\" src=\"https:\/\/refugies.immigrationfrancophone.ca\/wp-content\/uploads\/2022\/03\/TNO_FCFA_immigration_02.jpg\" alt=\"Employment\" \/>\n\t\t\t\t\t\t\t\t\t\t\t\t\t\t\t\t\t<\/figure>\n\t\t\t\t\t\t\t\t\t\t\t\t\t\t<\/div>\n\t\t\t\t\t\t\t\t\t\t\t\t<div class=\"blockright col-md-7\">\n\t\t\t\t\t\t\t<div class=\"content-box\">\n\t\t\t\t\t\t\t\t<p>The following are the main employment sectors in Nunavut:<\/p>\n<ul>\n<li>Public administration and health<\/li>\n<li>Mining and mineral exploration<\/li>\n<li>Construction<\/li>\n<li>Hotels, restaurants and tourism<\/li>\n<\/ul>\n<p>&nbsp;<\/p>\n<p><strong>Source :<\/strong><\/p>\n<ul>\n<li><a href=\"https:\/\/carrefournunavut.ca\/fr\" target=\"_blank\" rel=\"noopener\">Carrefour Nunavut<\/a><\/li>\n<\/ul>\n<p>\n\t\t\t\t\t\t\t<\/div>\n\t\t\t\t\t\t<\/div>\n\t\t\t\t\t\t\t\t\t\t<\/div>\n\t\t\t<\/div>\n\t\t<\/div>\n\t\t\t\t\t<div class=\"container\">\n\t\t\t\t<div class=\"bottom-seperator-row\"><\/div>\n\t\t\t<\/div>\n\t\t\t\t<\/div>\n\t[\/vc_column][\/vc_row][vc_row][vc_column]\t<div id=\"pageblock-content-845036111\" class=\"theme-common liststyle-1\">\n\t\t<div class=\"container pt_80 pb_80\">\n\t\t\t<div class=\"img-cnt-box\">\n\t\t\t\t<div class=\"row gy-5\">\n\t\t\t\t\t\t\t\t\t\t\t<div class=\"col-md-5 blockleft\">\n\t\t\t\t\t\t\t\t\t\t\t\t\t\t\t<h4 class=\"blocktitle\">Settlement services<\/h4>\n\t\t\t\t\t\t\t\t\t\t\t\t\t\t\t\t\t\t\t\t\t<\/div>\n\t\t\t\t\t\t\t\t\t\t\t\t<div class=\"blockright col-md-7\">\n\t\t\t\t\t\t\t<div class=\"content-box\">\n\t\t\t\t\t\t\t\t<p>Carrefour Nunavut offers several resources for those who wish to settle, live and work in Nunavut.<\/p>\n<ul>\n<li><a href=\"https:\/\/carrefournunavut.ca\/fr\" target=\"_blank\" rel=\"noopener\">Carrefour Nunavut<\/a><\/li>\n<\/ul>\n<p>\n\t\t\t\t\t\t\t<\/div>\n\t\t\t\t\t\t<\/div>\n\t\t\t\t\t\t\t\t\t\t<\/div>\n\t\t\t<\/div>\n\t\t<\/div>\n\t\t\t\t\t<div class=\"container\">\n\t\t\t\t<div class=\"bottom-seperator-row\"><\/div>\n\t\t\t<\/div>\n\t\t\t\t<\/div>\n\t[\/vc_column][\/vc_row][vc_row el_class=&#8221;big-headings&#8221;][vc_column]\t<div id=\"pageblock-content-1139713110\" class=\"theme-common liststyle-1 has_shape\">\n\t\t<div class=\"container pt_80 pb_80\">\n\t\t\t<div class=\"img-cnt-box has_shape\">\n\t\t\t\t<div class=\"row gy-5\">\n\t\t\t\t\t\t\t\t\t\t\t<div class=\"col-md-5 blockleft\">\n\t\t\t\t\t\t\t\t\t\t\t\t\t\t\t<h4 class=\"blocktitle\">Welcoming Francophone Community<\/h4>\n\t\t\t\t\t\t\t\t\t\t\t\t\t\t\t\t\t\t\t\t\t\t\t<figure>\n\t\t\t\t\t\t\t\t\t<img decoding=\"async\" class=\"blockimg\" src=\"https:\/\/refugies.immigrationfrancophone.ca\/wp-content\/uploads\/2022\/03\/Nunavut_FCFA_immigration_04.jpg\" alt=\"Welcoming Francophone Community\" \/>\n\t\t\t\t\t\t\t\t\t\t\t\t\t\t\t\t\t\t\t<div class=\"img-caption\">\n\t\t\t\t\t\t\t\t\t\t\t@Commuaute\u0301 francophone accueillante d&#039;Iqaluit\t\t\t\t\t\t\t\t\t\t<\/div>\n\t\t\t\t\t\t\t\t\t\t\t\t\t\t\t\t\t\t<\/figure>\n\t\t\t\t\t\t\t\t\t\t\t\t\t\t<\/div>\n\t\t\t\t\t\t\t\t\t\t\t\t<div class=\"blockright col-md-7\">\n\t\t\t\t\t\t\t<div class=\"content-box\">\n\t\t\t\t\t\t\t\t<\/p>\n<h3><strong><span style=\"color: #82bdb1;\">Iqaluit<\/span><\/strong><\/h3>\n<p>&nbsp;<\/p>\n<p>Iqaluit, Nunavut&#8217;s Welcoming Francophone community, is dynamic, and Francophones seek to live in harmony with the Inuit majority. In Nunavut, French is recognized as an official language along with English and the Inuit languages (Inuktitut and Inuinnaqtun). The community has several services in French, such as the employment and economic development centre, Carrefour Nunavut; a performance venue managed by the Association des francophones du Nunavut; a radio station (CFRT 107.3); a newspaper (Le Nunavoix); a community theatre troupe (Uiviit); an early childhood centre; and the \u00c9cole des Trois-Soleils for grades K to 12. Iqaluit has a very young population, the average age being 28.8 years.<\/p>\n<p>&nbsp;<\/p>\n<p><strong>Some figures:<\/strong><br \/>\n14.5% of the population knows French.<br \/>\n1.3% of people work in French.<\/p>\n<h6>Source: Statistics Canada, 2016 Census<\/h6>\n<p>&nbsp;<\/p>\n<ul>\n<li><a href=\"https:\/\/www.facebook.com\/Iqaluit-Communaut%C3%A9-francophone-accueillante-116674776869066\/\" target=\"_blank\" rel=\"noopener\">More information<\/a><\/li>\n<\/ul>\n<p>\n\t\t\t\t\t\t\t<\/div>\n\t\t\t\t\t\t<\/div>\n\t\t\t\t\t\t\t\t\t\t<\/div>\n\t\t\t<\/div>\n\t\t<\/div>\n\t\t\t<\/div>\n\t[\/vc_column][\/vc_row][vc_row el_id=&#8221;a-quoi-vous-attendre&#8221;][vc_column]\t\t<div class=\"section-header theme-common pb_80\">\n\t\t\t<div class=\"container\">\n\t\t\t\t<h3>\n\t\t\t\t\t\t\t\t\t\t\t<div class=\"icon-image\"><img loading=\"lazy\" decoding=\"async\" width=\"194\" height=\"258\" src=\"https:\/\/refugies.immigrationfrancophone.ca\/wp-content\/uploads\/2022\/03\/icon3.png\" class=\"attachment-full size-full\" alt=\"\" \/><\/div>\n\t\t\t\t\t\t\t\t\t\t\tWhat to expect\t\t\t\t<\/h3>\n\t\t\t<\/div>\n\t\t<\/div>\n\t\t[\/vc_column][\/vc_row][vc_row css=&#8221;.vc_custom_1646225665629{background-color: #71bfb1 !important;}&#8221;][vc_column]\t<div id=\"pageblock-content-238811582\" class=\"theme-common bg-transparent climat liststyle-1 noshape\">\n\t\t<div class=\"container pt_80 pb_80\">\n\t\t\t<div class=\"img-cnt-box noshape\">\n\t\t\t\t<div class=\"row gy-5\">\n\t\t\t\t\t\t\t\t\t\t\t<div class=\"col-md-5 blockleft\">\n\t\t\t\t\t\t\t\t\t\t\t\t\t\t\t<h4 class=\"blocktitle\">Climate<\/h4>\n\t\t\t\t\t\t\t\t\t\t\t\t\t\t\t\t\t\t\t\t\t<\/div>\n\t\t\t\t\t\t\t\t\t\t\t\t<div class=\"blockright col-md-7\">\n\t\t\t\t\t\t\t<div class=\"content-box\">\n\t\t\t\t\t\t\t\t\t\t\t\t\t\t\t\t\t<div class=\"boxcontent text-white mb-5\">\n\t\t\t\t\t\t\t\t\t\t<\/p>\n<h3>Iqaluit:<\/h3>\n<p>\n\t\t\t\t\t\t\t\t\t<\/div>\n\t\t\t\t\t\t\t\t\t\t\t\t\t\t\t\t\t<div class=\"row gx-0 gy-5 row-cols-1 row-cols-sm-2 row-cols-md-2 row-cols-lg-2\">\n\t\t\t\t\t\t\t\t\t\t\t\t\t\t\t\t\t\t\t\t<div class=\"col climat-box text-center gridcolumns-2\">\n\t\t\t\t\t\t\t\t\t\t\t\t<h5>Summer\n<\/h5>\n\t\t\t\t\t\t\t\t\t\t\t\t\t\t\t\t\t\t\t\t\t\t\t\t\t\t\t\t\t\t\t\t\t\t\t\t\t<div class=\"cnt-box\">\n\t\t\t\t\t\t\t\t\t\t\t\t\t\t\t\t\t\t\t\t\t\t\t\t\t\t\t\t\t<h3>8\u00b0C<\/h3>\n\t\t\t\t\t\t\t\t\t\t\t\t\t\t\t\t\t\t\t\t\t\t\t\t\t\t\t\t\t\t<p>on average<\/p>\n\t\t\t\t\t\t\t\t\t\t\t\t\t\t\t\t\t\t\t\t\t\t\t\t\t\t\t\t<\/div>\n\t\t\t\t\t\t\t\t\t\t\t\t\t\t\t\t\t\t\t\t\t\t\t\t<\/div>\n\t\t\t\t\t\t\t\t\t\t\t\t\t\t\t\t\t\t\t\t\t\t<div class=\"col climat-box text-center gridcolumns-2\">\n\t\t\t\t\t\t\t\t\t\t\t\t<h5>Winter\n<\/h5>\n\t\t\t\t\t\t\t\t\t\t\t\t\t\t\t\t\t\t\t\t\t\t\t\t\t\t\t\t\t\t\t\t\t\t\t\t\t<div class=\"cnt-box\">\n\t\t\t\t\t\t\t\t\t\t\t\t\t\t\t\t\t\t\t\t\t\t\t\t\t\t\t\t\t<h3>-27\u00b0C<\/h3>\n\t\t\t\t\t\t\t\t\t\t\t\t\t\t\t\t\t\t\t\t\t\t\t\t\t\t\t\t\t\t<p>on average<\/p>\n\t\t\t\t\t\t\t\t\t\t\t\t\t\t\t\t\t\t\t\t\t\t\t\t\t\t\t\t<\/div>\n\t\t\t\t\t\t\t\t\t\t\t\t\t\t\t\t\t\t\t\t\t\t\t\t<\/div>\n\t\t\t\t\t\t\t\t\t\t\t\t\t\t\t\t\t\t\t<\/div>\n\t\t\t\t\t\t\t\t\t\t\t\t\t\t\t<\/div>\n\t\t\t\t\t\t<\/div>\n\t\t\t\t\t\t\t\t\t\t<\/div>\n\t\t\t<\/div>\n\t\t<\/div>\n\t\t\t<\/div>\n\t[\/vc_column][\/vc_row][vc_row][vc_column]\t<div id=\"pageblock-content-1053591730\" class=\"theme-common liststyle-1 noshape\">\n\t\t<div class=\"container pt_80 pb_80\">\n\t\t\t<div class=\"img-cnt-box noshape\">\n\t\t\t\t<div class=\"row gy-5\">\n\t\t\t\t\t\t\t\t\t\t\t<div class=\"col-md-5 blockleft\">\n\t\t\t\t\t\t\t\t\t\t\t\t\t\t\t<h4 class=\"blocktitle\">Geography<\/h4>\n\t\t\t\t\t\t\t\t\t\t\t\t\t\t\t\t\t\t\t\t\t\t\t<figure>\n\t\t\t\t\t\t\t\t\t<img decoding=\"async\" class=\"blockimg\" src=\"https:\/\/refugies.immigrationfrancophone.ca\/wp-content\/uploads\/2022\/03\/Nunavut_FCFA_immigration_05.jpg\" alt=\"Geography\" \/>\n\t\t\t\t\t\t\t\t\t\t\t\t\t\t\t\t\t\t\t<div class=\"img-caption\">\n\t\t\t\t\t\t\t\t\t\t\t@Carrefour Nunavut\t\t\t\t\t\t\t\t\t\t<\/div>\n\t\t\t\t\t\t\t\t\t\t\t\t\t\t\t\t\t\t<\/figure>\n\t\t\t\t\t\t\t\t\t\t\t\t\t\t<\/div>\n\t\t\t\t\t\t\t\t\t\t\t\t<div class=\"blockright col-md-7\">\n\t\t\t\t\t\t\t<div class=\"content-box\">\n\t\t\t\t\t\t\t\t\t\t\t\t\t\t\t\t\t<div class=\"boxcontent\">\n\t\t\t\t\t\t\t\t\t\t<p>Arctic tundra covers almost all of Nunavut, with lichen, Arctic willow and moss.<br \/>\nThe midnight sun occurs in summer; winter days are very short.<\/p>\n<p>Almost one-third of Nunavut&#8217;s population lives on Baffin Island, where the capital city of Iqaluit (population 7,700) is located, as well as in the communities of Pangnirtung, Kimmirut and Pond Inlet.<\/p>\n\t\t\t\t\t\t\t\t\t<\/div>\n\t\t\t\t\t\t\t\t\t\t\t\t\t\t\t\t<\/div>\n\t\t\t\t\t\t<\/div>\n\t\t\t\t\t\t\t\t\t\t<\/div>\n\t\t\t<\/div>\n\t\t<\/div>\n\t\t\t\t\t<div class=\"container\">\n\t\t\t\t<div class=\"bottom-seperator-row\"><\/div>\n\t\t\t<\/div>\n\t\t\t\t<\/div>\n\t[\/vc_column][\/vc_row][vc_row][vc_column]\t<div id=\"pageblock-content-1850295611\" class=\"theme-common liststyle-1\">\n\t\t<div class=\"container pt_80 pb_80\">\n\t\t\t<div class=\"img-cnt-box\">\n\t\t\t\t<div class=\"row gy-5\">\n\t\t\t\t\t\t\t\t\t\t\t<div class=\"col-md-5 blockleft\">\n\t\t\t\t\t\t\t\t\t\t\t\t\t\t\t<h4 class=\"blocktitle\">Access<\/h4>\n\t\t\t\t\t\t\t\t\t\t\t\t\t\t\t\t\t\t\t\t\t<\/div>\n\t\t\t\t\t\t\t\t\t\t\t\t<div class=\"blockright col-md-7\">\n\t\t\t\t\t\t\t<div class=\"content-box\">\n\t\t\t\t\t\t\t\t\t\t\t\t\t\t\t\t\t<div class=\"boxcontent\">\n\t\t\t\t\t\t\t\t\t\t<p>There is no road access to Nunavut. The primary means of travel is by air; the Iqaluit airport receives several commercial flights from major Canadian cities.<\/p>\n\t\t\t\t\t\t\t\t\t<\/div>\n\t\t\t\t\t\t\t\t\t\t\t\t\t\t\t\t<\/div>\n\t\t\t\t\t\t<\/div>\n\t\t\t\t\t\t\t\t\t\t<\/div>\n\t\t\t<\/div>\n\t\t<\/div>\n\t\t\t<\/div>\n\t[\/vc_column][\/vc_row][vc_row el_id=&#8221;en-savoir-plus&#8221;][vc_column]\t\t<div class=\"section-header theme-common\">\n\t\t\t<div class=\"container\">\n\t\t\t\t<h3>\n\t\t\t\t\t\t\t\t\t\tRead more\t\t\t\t<\/h3>\n\t\t\t<\/div>\n\t\t<\/div>\n\t\t[\/vc_column][\/vc_row][vc_row][vc_column]\t<div id=\"pageblock-content-1978214672\" class=\"theme-common liststyle-1\">\n\t\t<div class=\"container pt_80 pb_80\">\n\t\t\t<div class=\"img-cnt-box\">\n\t\t\t\t<div class=\"row gy-5\">\n\t\t\t\t\t\t\t\t\t\t\t<div class=\"col-md-5 blockleft\">\n\t\t\t\t\t\t\t\t\t\t\t\t\t\t\t<h4 class=\"blocktitle\">Francophonie highlights<\/h4>\n\t\t\t\t\t\t\t\t\t\t\t\t\t\t\t\t\t\t\t\t\t<\/div>\n\t\t\t\t\t\t\t\t\t\t\t\t<div class=\"blockright col-md-7\">\n\t\t\t\t\t\t\t<div class=\"content-box\">\n\t\t\t\t\t\t\t\t\t\t\t\t\t\t\t\t\t<div class=\"boxcontent\">\n\t\t\t\t\t\t\t\t\t\t<p>The ship captain Joseph-Elz\u00e9ar Bernier (1852-1934) made 12 expeditions to the Arctic between 1906 and 1925. On July 1, 1909, he placed a plaque on Melville Island proclaiming Canada&#8217;s sovereignty over the Arctic islands.<\/p>\n\t\t\t\t\t\t\t\t\t<\/div>\n\t\t\t\t\t\t\t\t\t\t\t\t\t\t\t\t<\/div>\n\t\t\t\t\t\t<\/div>\n\t\t\t\t\t\t\t\t\t\t<\/div>\n\t\t\t<\/div>\n\t\t<\/div>\n\t\t\t\t\t<div class=\"container\">\n\t\t\t\t<div class=\"bottom-seperator-row\"><\/div>\n\t\t\t<\/div>\n\t\t\t\t<\/div>\n\t[\/vc_column][\/vc_row][vc_row][vc_column]\t<div id=\"pageblock-content-1563760906\" class=\"theme-common liststyle-1 has_shape\">\n\t\t<div class=\"container pt_80 pb_80\">\n\t\t\t<div class=\"img-cnt-box has_shape\">\n\t\t\t\t<div class=\"row gy-5\">\n\t\t\t\t\t\t\t\t\t\t\t<div class=\"col-md-5 blockleft\">\n\t\t\t\t\t\t\t\t\t\t\t\t\t\t\t<h4 class=\"blocktitle\">History<\/h4>\n\t\t\t\t\t\t\t\t\t\t\t\t\t\t\t\t\t\t\t\t\t\t\t<figure>\n\t\t\t\t\t\t\t\t\t<img decoding=\"async\" class=\"blockimg\" src=\"https:\/\/refugies.immigrationfrancophone.ca\/wp-content\/uploads\/2022\/03\/Nunavut_FCFA_immigration_06.jpg\" alt=\"History\" \/>\n\t\t\t\t\t\t\t\t\t\t\t\t\t\t\t\t\t<\/figure>\n\t\t\t\t\t\t\t\t\t\t\t\t\t\t<\/div>\n\t\t\t\t\t\t\t\t\t\t\t\t<div class=\"blockright col-md-7\">\n\t\t\t\t\t\t\t<div class=\"content-box\">\n\t\t\t\t\t\t\t\t<p>The area that is now Nunavut has been continuously inhabited for more than 4,000 years. Around the year 1000, Vikings from Greenland became the first Europeans to visit the coast of Baffin Island, followed a few centuries later by expeditions in search of the Northwest Passage.<\/p>\n<p>In the 20th century, the French language was very present in the region: the whaling and merchant crews were composed of a good proportion of Francophones from the American states bordering Qu\u00e9bec and Acadia. Moreover, between 1904 and 1920, Captain Joseph-Elz\u00e9ar Bernier and his crew sailed the waters of the Arctic Ocean to assert Canadian sovereignty.<\/p>\n<p>In the 1970s, Frobisher Bay (now Iqaluit) became more and more like a capital city, with the arrival of many regional federal-government offices. Many of the government staff spoke French, and in 1981, the Association des francophones de Frobisher Bay was formed, eventually becoming the Association des francophones du Nunavut https:\/\/www.afnunavut.ca\/.<\/p>\n\t\t\t\t\t\t\t<\/div>\n\t\t\t\t\t\t<\/div>\n\t\t\t\t\t\t\t\t\t\t<\/div>\n\t\t\t<\/div>\n\t\t<\/div>\n\t\t\t<\/div>\n\t[\/vc_column][\/vc_row]<\/p>\n<\/div>","protected":false},"excerpt":{"rendered":"<p>[vc_row][vc_column][\/vc_column][\/vc_row][vc_row][vc_column][\/vc_column][\/vc_row][vc_row el_id=&#8221;la-vie-en-fran\u00e7ais&#8221;][vc_column][\/vc_column][\/vc_row][vc_row][vc_column][\/vc_column][\/vc_row][vc_row][vc_column][\/vc_column][\/vc_row][vc_row][vc_column][\/vc_column][\/vc_row][vc_row el_id=&#8221;immigration&#8221;][vc_column][\/vc_column][\/vc_row][vc_row][vc_column][\/vc_column][\/vc_row][vc_row][vc_column][\/vc_column][\/vc_row][vc_row el_class=&#8221;big-headings&#8221;][vc_column][\/vc_column][\/vc_row][vc_row el_id=&#8221;a-quoi-vous-attendre&#8221;][vc_column][\/vc_column][\/vc_row][vc_row css=&#8221;.vc_custom_1646225665629{background-color: #71bfb1 !important;}&#8221;][vc_column][\/vc_column][\/vc_row][vc_row][vc_column][\/vc_column][\/vc_row][vc_row][vc_column][\/vc_column][\/vc_row][vc_row el_id=&#8221;en-savoir-plus&#8221;][vc_column][\/vc_column][\/vc_row][vc_row][vc_column][\/vc_column][\/vc_row][vc_row][vc_column][\/vc_column][\/vc_row]<\/p>\n","protected":false},"author":1,"featured_media":0,"parent":0,"menu_order":0,"comment_status":"closed","ping_status":"closed","template":"","meta":{"footnotes":""},"class_list":["post-1220","page","type-page","status-publish","hentry"],"featured_image_src":null,"featured_image_src_square":null,"_links":{"self":[{"href":"https:\/\/refugies.immigrationfrancophone.ca\/en\/wp-json\/wp\/v2\/pages\/1220","targetHints":{"allow":["GET"]}}],"collection":[{"href":"https:\/\/refugies.immigrationfrancophone.ca\/en\/wp-json\/wp\/v2\/pages"}],"about":[{"href":"https:\/\/refugies.immigrationfrancophone.ca\/en\/wp-json\/wp\/v2\/types\/page"}],"author":[{"embeddable":true,"href":"https:\/\/refugies.immigrationfrancophone.ca\/en\/wp-json\/wp\/v2\/users\/1"}],"replies":[{"embeddable":true,"href":"https:\/\/refugies.immigrationfrancophone.ca\/en\/wp-json\/wp\/v2\/comments?post=1220"}],"version-history":[{"count":0,"href":"https:\/\/refugies.immigrationfrancophone.ca\/en\/wp-json\/wp\/v2\/pages\/1220\/revisions"}],"wp:attachment":[{"href":"https:\/\/refugies.immigrationfrancophone.ca\/en\/wp-json\/wp\/v2\/media?parent=1220"}],"curies":[{"name":"wp","href":"https:\/\/api.w.org\/{rel}","templated":true}]}}