{"id":1224,"date":"2022-03-17T12:05:51","date_gmt":"2022-03-17T15:05:51","guid":{"rendered":"https:\/\/refugies.immigrationfrancophone.ca\/terre-neuve-et-labrador\/"},"modified":"2022-05-17T15:29:57","modified_gmt":"2022-05-17T18:29:57","slug":"newfoundland-and-labrador","status":"publish","type":"page","link":"https:\/\/refugies.immigrationfrancophone.ca\/en\/newfoundland-and-labrador\/","title":{"rendered":"Newfoundland and Labrador"},"content":{"rendered":"<div class=\"wpb-content-wrapper\"><p>[vc_row][vc_column]\t<div class=\"theme-immigration\" style='background-image: url( https:\/\/refugies.immigrationfrancophone.ca\/wp-content\/uploads\/2022\/03\/TNL_FCFA_immigration_099.jpg );'>\n\t\t<div class=\"left-box\">\n\t\t\t\t\t\t\t<div class=\"title-box\">\n\t\t\t\t\t<h1>Newfoundland and Labrador<\/h1>\n\t\t\t\t<\/div>\n\t\t\t\t\t\t\t\t<div class=\"img-box d-lg-none\">\n\t\t\t\t\t<img decoding=\"async\" src=\"https:\/\/refugies.immigrationfrancophone.ca\/wp-content\/uploads\/2022\/03\/TNL_FCFA_immigration_099.jpg\" alt=\"Newfoundland and Labrador\"\/>\n\t\t\t\t<\/div>\n\t\t\t\t\t\t\t\t<div class=\"content-box\">\n\t\t\t\t\t<p>The newest province to join the Canadian Confederation was also host to the first French people on these shores, dating back to the Breton fishermen of the early 16th century. Today, Newfoundland and Labrador is home to more than 23,000 French speakers. The French-speaking community can be found in three main areas: in and around the capital, St. John&#8217;s, in Newfoundland, the Port au Port peninsula on the west coast, and Labrador.<\/p>\n\t\t\t\t\t\t\t\t\t\t\t<div id=\"counter_count-491756707\" class=\"counter-main\">\n\t\t\t\t\t\t\t\t\t\t\t\t\t\t\t\t<div class=\"counter-box langcode-en\">\n\t\t\t\t\t\t\t\t\t\t<h3 id=\"counter_491756707_count-1\" data-fact=\"26055\">26055<\/h3>\n\t\t\t\t\t\t\t\t\t\t<p>Knowledge of French<\/p>\n\t\t\t\t\t\t\t\t\t<\/div>\n\t\t\t\t\t\t\t\t\t\t\t\t\t\t\t\t\t\t<div class=\"counter-box langcode-en\">\n\t\t\t\t\t\t\t\t\t\t<h3 id=\"counter_491756707_count-2\" data-fact=\"2605\">2605<\/h3>\n\t\t\t\t\t\t\t\t\t\t<p>French first official language<\/p>\n\t\t\t\t\t\t\t\t\t<\/div>\n\t\t\t\t\t\t\t\t\t\t\t\t\t\t\t\t\t<p>Source: Statistics Canada, 2016 Census<\/p>\n\t\t\t\t\t\t\t\t\t\t\t\t\t\t<\/div>\n\t\t\t\t\t\t\t\t\t\t<\/div>\n\t\t\t\t\t\t<\/div>\n\t\t\t\t\t<div class=\"img-caption\">\n\t\t\t\tCaption text goes here\t\t\t<\/div>\n\t\t\t\t<\/div>\n\t[\/vc_column][\/vc_row][vc_row][vc_column]\t\t<div class=\"theme-services pt_70\">\n\t\t\t<div class=\"container\">\n\t\t\t\t<div class=\"row row-cols-1 row-cols-sm-2 row-cols-xl-4 gx-0 gy-5\">\n\t\t\t\t\t\t\t\t\t\t\t\t<div class=\"col\">\n\t\t\t\t\t\t\t\t<a href=\"#la-vie-en-fran\u00e7ais\">\t\t\t\t\t\t\t\t<div class=\"srv-box text-center\">\n\t\t\t\t\t\t\t\t\t\t\t\t\t\t\t\t\t\t\t<div class=\"icon-image\"><img loading=\"lazy\" decoding=\"async\" width=\"264\" height=\"238\" src=\"https:\/\/refugies.immigrationfrancophone.ca\/wp-content\/uploads\/2022\/03\/icon1.png\" class=\"attachment-full size-full\" alt=\"\" \/><\/div>\n\t\t\t\t\t\t\t\t\t\t\t\t\t\t\t\t\t\t\t<p>Life in French<\/p>\n\t\t\t\t\t\t\t\t<\/div>\n\t\t\t\t\t\t\t\t<\/a>\t\t\t\t\t\t\t<\/div>\n\t\t\t\t\t\t\t\t\t\t\t\t\t\t<div class=\"col\">\n\t\t\t\t\t\t\t\t<a href=\"#immigration\">\t\t\t\t\t\t\t\t<div class=\"srv-box text-center\">\n\t\t\t\t\t\t\t\t\t\t\t\t\t\t\t\t\t\t\t<div class=\"icon-image\"><img loading=\"lazy\" decoding=\"async\" width=\"234\" height=\"234\" src=\"https:\/\/refugies.immigrationfrancophone.ca\/wp-content\/uploads\/2022\/03\/icon2.png\" class=\"attachment-full size-full\" alt=\"\" srcset=\"https:\/\/refugies.immigrationfrancophone.ca\/wp-content\/uploads\/2022\/03\/icon2.png 234w, https:\/\/refugies.immigrationfrancophone.ca\/wp-content\/uploads\/2022\/03\/icon2-150x150.png 150w\" sizes=\"auto, (max-width: 234px) 100vw, 234px\" \/><\/div>\n\t\t\t\t\t\t\t\t\t\t\t\t\t\t\t\t\t\t\t<p>Immigration<\/p>\n\t\t\t\t\t\t\t\t<\/div>\n\t\t\t\t\t\t\t\t<\/a>\t\t\t\t\t\t\t<\/div>\n\t\t\t\t\t\t\t\t\t\t\t\t\t\t<div class=\"col\">\n\t\t\t\t\t\t\t\t<a href=\"#a-quoi-vous-attendre\">\t\t\t\t\t\t\t\t<div class=\"srv-box text-center\">\n\t\t\t\t\t\t\t\t\t\t\t\t\t\t\t\t\t\t\t<div class=\"icon-image\"><img loading=\"lazy\" decoding=\"async\" width=\"194\" height=\"258\" src=\"https:\/\/refugies.immigrationfrancophone.ca\/wp-content\/uploads\/2022\/03\/icon3.png\" class=\"attachment-full size-full\" alt=\"\" \/><\/div>\n\t\t\t\t\t\t\t\t\t\t\t\t\t\t\t\t\t\t\t<p>What to expect<\/p>\n\t\t\t\t\t\t\t\t<\/div>\n\t\t\t\t\t\t\t\t<\/a>\t\t\t\t\t\t\t<\/div>\n\t\t\t\t\t\t\t\t\t\t\t\t\t\t<div class=\"col\">\n\t\t\t\t\t\t\t\t<a href=\"#en-savoir-plus\">\t\t\t\t\t\t\t\t<div class=\"srv-box text-center\">\n\t\t\t\t\t\t\t\t\t\t\t\t\t\t\t\t\t\t\t<div class=\"icon-image\"><img loading=\"lazy\" decoding=\"async\" width=\"250\" height=\"247\" src=\"https:\/\/refugies.immigrationfrancophone.ca\/wp-content\/uploads\/2022\/03\/icon4.png\" class=\"attachment-full size-full\" alt=\"\" \/><\/div>\n\t\t\t\t\t\t\t\t\t\t\t\t\t\t\t\t\t\t\t<p>Read more<\/p>\n\t\t\t\t\t\t\t\t<\/div>\n\t\t\t\t\t\t\t\t<\/a>\t\t\t\t\t\t\t<\/div>\n\t\t\t\t\t\t\t\t\t\t\t<\/div>\n\t\t\t<\/div>\n\t\t<\/div>\n\t\t[\/vc_column][\/vc_row][vc_row el_id=&#8221;la-vie-en-fran\u00e7ais&#8221;][vc_column]\t\t<div class=\"section-header theme-common pt_80\">\n\t\t\t<div class=\"container\">\n\t\t\t\t<h3>\n\t\t\t\t\t\t\t\t\t\t\t<div class=\"icon-image\"><img loading=\"lazy\" decoding=\"async\" width=\"264\" height=\"238\" src=\"https:\/\/refugies.immigrationfrancophone.ca\/wp-content\/uploads\/2022\/03\/icon1.png\" class=\"attachment-full size-full\" alt=\"\" \/><\/div>\n\t\t\t\t\t\t\t\t\t\t\tLife in French\t\t\t\t<\/h3>\n\t\t\t<\/div>\n\t\t<\/div>\n\t\t[\/vc_column][\/vc_row][vc_row][vc_column]\t<div id=\"pageblock-content-1490379937\" class=\"theme-common liststyle-1 has_shape\">\n\t\t<div class=\"container pt_80 pb_80\">\n\t\t\t<div class=\"img-cnt-box has_shape\">\n\t\t\t\t<div class=\"row gy-5\">\n\t\t\t\t\t\t\t\t\t\t\t<div class=\"col-md-5 blockleft\">\n\t\t\t\t\t\t\t\t\t\t\t\t\t\t\t<h4 class=\"blocktitle\">Education<\/h4>\n\t\t\t\t\t\t\t\t\t\t\t\t\t\t\t\t\t\t\t\t\t\t\t<figure>\n\t\t\t\t\t\t\t\t\t<img decoding=\"async\" class=\"blockimg\" src=\"https:\/\/refugies.immigrationfrancophone.ca\/wp-content\/uploads\/2022\/03\/TNL_FCFA_immigration_098.jpg\" alt=\"Education\" \/>\n\t\t\t\t\t\t\t\t\t\t\t\t\t\t\t\t\t<\/figure>\n\t\t\t\t\t\t\t\t\t\t\t\t\t\t<\/div>\n\t\t\t\t\t\t\t\t\t\t\t\t<div class=\"blockright col-md-7\">\n\t\t\t\t\t\t\t<div class=\"content-box\">\n\t\t\t\t\t\t\t\t<p>The Conseil scolaire francophone provincial de Terre-Neuve-et-Labrador oversees five French-language schools (three in Newfoundland and two in Labrador).<\/p>\n<ul>\n<li><a href=\"https:\/\/csfp.nl.ca\/\" target=\"_blank\" rel=\"noopener\">Conseil scolaire francophone provincial de Terre-Neuve-et-Labrador<\/a><\/li>\n<\/ul>\n<p>St. John\u2019s has an early childhood (daycare) centre, Les P&#8217;tits Cerfs-Volants, for Francophone families.<\/p>\n\t\t\t\t\t\t\t<\/div>\n\t\t\t\t\t\t<\/div>\n\t\t\t\t\t\t\t\t\t\t<\/div>\n\t\t\t<\/div>\n\t\t<\/div>\n\t\t\t\t\t<div class=\"container\">\n\t\t\t\t<div class=\"bottom-seperator-row\"><\/div>\n\t\t\t<\/div>\n\t\t\t\t<\/div>\n\t[\/vc_column][\/vc_row][vc_row el_class=&#8221;customizesect-sante&#8221;][vc_column]\t<div id=\"pageblock-content-1633610063\" class=\"theme-common liststyle-1 noshape\">\n\t\t<div class=\"container pt_80 pb_80\">\n\t\t\t<div class=\"img-cnt-box noshape\">\n\t\t\t\t<div class=\"row gy-5\">\n\t\t\t\t\t\t\t\t\t\t\t<div class=\"col-md-5 blockleft\">\n\t\t\t\t\t\t\t\t\t\t\t\t\t\t\t<h4 class=\"blocktitle\">Health<\/h4>\n\t\t\t\t\t\t\t\t\t\t\t\t\t\t\t\t\t\t\t\t\t\t\t<figure>\n\t\t\t\t\t\t\t\t\t<img decoding=\"async\" class=\"blockimg\" src=\"https:\/\/refugies.immigrationfrancophone.ca\/wp-content\/uploads\/2022\/03\/TNL_sante22.png\" alt=\"Health\" \/>\n\t\t\t\t\t\t\t\t\t\t\t\t\t\t\t\t\t<\/figure>\n\t\t\t\t\t\t\t\t\t\t\t\t\t\t<\/div>\n\t\t\t\t\t\t\t\t\t\t\t\t<div class=\"blockright col-md-7\">\n\t\t\t\t\t\t\t<div class=\"content-box\">\n\t\t\t\t\t\t\t\t<p>The R\u00e9seau Sant\u00e9 en fran\u00e7ais de Terre-Neuve-et-Labrador works to develop French-language services in health-care facilities. The Info-Sant\u00e9 line, 1.888.709.2929, offers bilingual health services to all residents of Newfoundland and Labrador 24 hours a day, every day of the year.<\/p>\n\t\t\t\t\t\t\t<\/div>\n\t\t\t\t\t\t<\/div>\n\t\t\t\t\t\t\t\t\t\t<\/div>\n\t\t\t<\/div>\n\t\t<\/div>\n\t\t\t\t\t<div class=\"container\">\n\t\t\t\t<div class=\"bottom-seperator-row\"><\/div>\n\t\t\t<\/div>\n\t\t\t\t<\/div>\n\t[\/vc_column][\/vc_row][vc_row][vc_column]\t<div id=\"pageblock-content-403029231\" class=\"theme-common liststyle-1\">\n\t\t<div class=\"container pt_80 pb_80\">\n\t\t\t<div class=\"img-cnt-box\">\n\t\t\t\t<div class=\"row gy-5\">\n\t\t\t\t\t\t\t\t\t\t\t<div class=\"col-md-5 blockleft\">\n\t\t\t\t\t\t\t\t\t\t\t\t\t\t\t<h4 class=\"blocktitle\">culture<\/h4>\n\t\t\t\t\t\t\t\t\t\t\t\t\t\t\t\t\t\t\t\t\t<\/div>\n\t\t\t\t\t\t\t\t\t\t\t\t<div class=\"blockright col-md-7\">\n\t\t\t\t\t\t\t<div class=\"content-box\">\n\t\t\t\t\t\t\t\t<p>There are two community centres: Centre scolaire et communautaire des Grands-Vents (St. John\u2019s) and Centre scolaire et communautaire Sainte-Anne (Mainland\/La Grand&#8217;terre)<\/p>\n<p>There are three regional Francophone associations: the Association communautaire francophone de Saint-Jean, l&#8217;Association francophone du Labrador (AFL), and the Association r\u00e9gionale de la c\u00f4te ouest (ARCO).<\/p>\n<ul>\n<li><a href=\"http:\/\/www.acfsj.ca\/fr\/\" target=\"_blank\" rel=\"noopener\">Association communautaire francophone de Saint-Jean<\/a><\/li>\n<li><a href=\"https:\/\/www.francotnl.ca\/en\/organizations\/afl\/\" target=\"_blank\" rel=\"noopener\">l&#8217;Association francophone du Labrador (AFL)<\/a><\/li>\n<li><a href=\"https:\/\/www.arcotnl.ca\/\" target=\"_blank\" rel=\"noopener\">The Association r\u00e9gionale de la c\u00f4te ouest (ARCO)<\/a><\/li>\n<\/ul>\n<p>\n\t\t\t\t\t\t\t<\/div>\n\t\t\t\t\t\t<\/div>\n\t\t\t\t\t\t\t\t\t\t<\/div>\n\t\t\t<\/div>\n\t\t<\/div>\n\t\t\t<\/div>\n\t[\/vc_column][\/vc_row][vc_row el_id=&#8221;immigration&#8221;][vc_column]\t\t<div class=\"section-header theme-common pt_0 pb_0\">\n\t\t\t<div class=\"container\">\n\t\t\t\t<h3>\n\t\t\t\t\t\t\t\t\t\t\t<div class=\"icon-image\"><img loading=\"lazy\" decoding=\"async\" width=\"234\" height=\"234\" src=\"https:\/\/refugies.immigrationfrancophone.ca\/wp-content\/uploads\/2022\/03\/icon2.png\" class=\"attachment-full size-full\" alt=\"\" srcset=\"https:\/\/refugies.immigrationfrancophone.ca\/wp-content\/uploads\/2022\/03\/icon2.png 234w, https:\/\/refugies.immigrationfrancophone.ca\/wp-content\/uploads\/2022\/03\/icon2-150x150.png 150w\" sizes=\"auto, (max-width: 234px) 100vw, 234px\" \/><\/div>\n\t\t\t\t\t\t\t\t\t\t\tImmigration\t\t\t\t<\/h3>\n\t\t\t<\/div>\n\t\t<\/div>\n\t\t[\/vc_column][\/vc_row][vc_row][vc_column]\t<div id=\"pageblock-content-661385513\" class=\"theme-common liststyle-2 noshape\">\n\t\t<div class=\"container pt_80 pb_80\">\n\t\t\t<div class=\"img-cnt-box noshape\">\n\t\t\t\t<div class=\"row gy-5\">\n\t\t\t\t\t\t\t\t\t\t\t<div class=\"col-md-5 blockleft\">\n\t\t\t\t\t\t\t\t\t\t\t\t\t\t\t<h4 class=\"blocktitle\">Employment<\/h4>\n\t\t\t\t\t\t\t\t\t\t\t\t\t\t\t\t\t\t\t\t\t\t\t<figure>\n\t\t\t\t\t\t\t\t\t<img decoding=\"async\" class=\"blockimg\" src=\"https:\/\/refugies.immigrationfrancophone.ca\/wp-content\/uploads\/2022\/03\/Yukon_Emploi_1.png\" alt=\"Employment\" \/>\n\t\t\t\t\t\t\t\t\t\t\t\t\t\t\t\t\t<\/figure>\n\t\t\t\t\t\t\t\t\t\t\t\t\t\t<\/div>\n\t\t\t\t\t\t\t\t\t\t\t\t<div class=\"blockright col-md-7\">\n\t\t\t\t\t\t\t<div class=\"content-box\">\n\t\t\t\t\t\t\t\t<\/p>\n<ul>\n<li>Financial services<\/li>\n<li>Health services<\/li>\n<li>Government<\/li>\n<li>Mining<\/li>\n<li>Oil &amp; gas<\/li>\n<li>Fishing &amp; seafood processing<\/li>\n<li>Tourism<\/li>\n<li>Wholesale &amp; retail<\/li>\n<li>Construction<\/li>\n<\/ul>\n<p>\n\t\t\t\t\t\t\t<\/div>\n\t\t\t\t\t\t<\/div>\n\t\t\t\t\t\t\t\t\t\t<\/div>\n\t\t\t<\/div>\n\t\t<\/div>\n\t\t\t\t\t<div class=\"container\">\n\t\t\t\t<div class=\"bottom-seperator-row\"><\/div>\n\t\t\t<\/div>\n\t\t\t\t<\/div>\n\t[\/vc_column][\/vc_row][vc_row][vc_column]\t<div id=\"pageblock-content-1832721171\" class=\"theme-common liststyle-1\">\n\t\t<div class=\"container pt_80 pb_80\">\n\t\t\t<div class=\"img-cnt-box\">\n\t\t\t\t<div class=\"row gy-5\">\n\t\t\t\t\t\t\t\t\t\t\t<div class=\"col-md-5 blockleft\">\n\t\t\t\t\t\t\t\t\t\t\t\t\t\t\t<h4 class=\"blocktitle\">Settlement services<\/h4>\n\t\t\t\t\t\t\t\t\t\t\t\t\t\t\t\t\t\t\t\t\t<\/div>\n\t\t\t\t\t\t\t\t\t\t\t\t<div class=\"blockright col-md-7\">\n\t\t\t\t\t\t\t<div class=\"content-box\">\n\t\t\t\t\t\t\t\t<p>The Newcomer&#8217;s Guide, published by the F\u00e9d\u00e9ration des francophones de Terre-Neuve-et-Labrador, provides information about resources available to help newcomers settle, including in relation to housing, employment and schools.<\/p>\n<ul>\n<li><a href=\"https:\/\/www.francotnl.ca\/fr\/services\/immigration-vivre-a-tnl\/guide-des-nouveaux-arrivants\/\" target=\"_blank\" rel=\"noopener\">The Newcomer&#8217;s Guide<\/a><\/li>\n<\/ul>\n<p>Horizon TNL supports French-speaking immigrants in their immigration process and economic integration &#8211; free of charge!<\/p>\n<p>-Offering personalized individual consultations by telephone or videoconference<\/p>\n<p>-Evaluating your immigration goals<\/p>\n<p>-Exploring the possibility of sponsorship with employers<\/p>\n<ul>\n<li><a href=\"https:\/\/www.horizontnl.ca\/en-ca\/support-for-immigrants\">Horizon TNL<\/a><\/li>\n<\/ul>\n<p>\n\t\t\t\t\t\t\t<\/div>\n\t\t\t\t\t\t<\/div>\n\t\t\t\t\t\t\t\t\t\t<\/div>\n\t\t\t<\/div>\n\t\t<\/div>\n\t\t\t\t\t<div class=\"container\">\n\t\t\t\t<div class=\"bottom-seperator-row\"><\/div>\n\t\t\t<\/div>\n\t\t\t\t<\/div>\n\t[\/vc_column][\/vc_row][vc_row el_class=&#8221;big-headings&#8221;][vc_column]\t<div id=\"pageblock-content-639058056\" class=\"theme-common liststyle-1 has_shape\">\n\t\t<div class=\"container pt_80 pb_80\">\n\t\t\t<div class=\"img-cnt-box has_shape\">\n\t\t\t\t<div class=\"row gy-5\">\n\t\t\t\t\t\t\t\t\t\t\t<div class=\"col-md-5 blockleft\">\n\t\t\t\t\t\t\t\t\t\t\t\t\t\t\t<h4 class=\"blocktitle\">Welcoming Francophone Community<\/h4>\n\t\t\t\t\t\t\t\t\t\t\t\t\t\t\t\t\t\t\t\t\t\t\t<figure>\n\t\t\t\t\t\t\t\t\t<img decoding=\"async\" class=\"blockimg\" src=\"https:\/\/refugies.immigrationfrancophone.ca\/wp-content\/uploads\/2022\/03\/TNL_immigration_02.jpg\" alt=\"Welcoming Francophone Community\" \/>\n\t\t\t\t\t\t\t\t\t\t\t\t\t\t\t\t\t<\/figure>\n\t\t\t\t\t\t\t\t\t\t\t\t\t\t<\/div>\n\t\t\t\t\t\t\t\t\t\t\t\t<div class=\"blockright col-md-7\">\n\t\t\t\t\t\t\t<div class=\"content-box\">\n\t\t\t\t\t\t\t\t<\/p>\n<h3><strong><span style=\"color: #82bdb1;\">Labrador West<\/span><\/strong><\/h3>\n<p>&nbsp;<\/p>\n<p>The Welcoming Francophone community of Labrador West includes Labrador City and Wabush and is only 27 km from the province of Qu\u00e9bec. Labrador West is on the Labrador Peninsula, which is separated from the island of Newfoundland by the Strait of Belle Isle. Labrador West offers a wide variety of activities for nature lovers and sports, recreation, and arts and culture enthusiasts. It also hosts various events such as the Winter Carnival and Cain&#8217;s Quest, the world&#8217;s longest snowmobile endurance race. Labrador has the longest ski season in Canada and also provides the opportunity to see the Northern Lights. Summer is ideal for popular activities such as fishing, camping, hunting, hiking and mountain-biking. The community provides settlement services for newcomers and various activities including multicultural activities.<\/p>\n<p><strong>Some figures:<\/strong><br \/>\n12.5% of the population knows French.<br \/>\n1.3% of people work in French.<\/p>\n<h6>Source: Statistics Canada, 2016 Census<\/h6>\n<p>&nbsp;<\/p>\n<ul>\n<li><a href=\"https:\/\/www.facebook.com\/AFLTNL\" target=\"_blank\" rel=\"noopener\">More Information<\/a><\/li>\n<\/ul>\n<p>\n\t\t\t\t\t\t\t<\/div>\n\t\t\t\t\t\t<\/div>\n\t\t\t\t\t\t\t\t\t\t<\/div>\n\t\t\t<\/div>\n\t\t<\/div>\n\t\t\t<\/div>\n\t[\/vc_column][\/vc_row][vc_row el_id=&#8221;a-quoi-vous-attendre&#8221;][vc_column]\t\t<div class=\"section-header theme-common pb_80\">\n\t\t\t<div class=\"container\">\n\t\t\t\t<h3>\n\t\t\t\t\t\t\t\t\t\t\t<div class=\"icon-image\"><img loading=\"lazy\" decoding=\"async\" width=\"194\" height=\"258\" src=\"https:\/\/refugies.immigrationfrancophone.ca\/wp-content\/uploads\/2022\/03\/icon3.png\" class=\"attachment-full size-full\" alt=\"\" \/><\/div>\n\t\t\t\t\t\t\t\t\t\t\tWhat to expect\t\t\t\t<\/h3>\n\t\t\t<\/div>\n\t\t<\/div>\n\t\t[\/vc_column][\/vc_row][vc_row css=&#8221;.vc_custom_1646225665629{background-color: #71bfb1 !important;}&#8221;][vc_column]\t<div id=\"pageblock-content-2108861493\" class=\"theme-common bg-transparent climat liststyle-1 noshape\">\n\t\t<div class=\"container pt_80 pb_80\">\n\t\t\t<div class=\"img-cnt-box noshape\">\n\t\t\t\t<div class=\"row gy-5\">\n\t\t\t\t\t\t\t\t\t\t\t<div class=\"col-md-5 blockleft\">\n\t\t\t\t\t\t\t\t\t\t\t\t\t\t\t<h4 class=\"blocktitle\">Climate<\/h4>\n\t\t\t\t\t\t\t\t\t\t\t\t\t\t\t\t\t\t\t\t\t<\/div>\n\t\t\t\t\t\t\t\t\t\t\t\t<div class=\"blockright col-md-7\">\n\t\t\t\t\t\t\t<div class=\"content-box\">\n\t\t\t\t\t\t\t\t\t\t\t\t\t\t\t\t<div class=\"row gx-0 gy-5 row-cols-1 row-cols-sm-2 row-cols-md-2 row-cols-lg-2\">\n\t\t\t\t\t\t\t\t\t\t\t\t\t\t\t\t\t\t\t\t<div class=\"col climat-box text-center gridcolumns-2\">\n\t\t\t\t\t\t\t\t\t\t\t\t<h5>Newfoundland (South)\n<\/h5>\n\t\t\t\t\t\t\t\t\t\t\t\t\t\t\t\t\t\t\t\t\t\t\t\t\t\t\t\t\t\t\t\t\t\t\t\t\t<div class=\"cnt-box\">\n\t\t\t\t\t\t\t\t\t\t\t\t\t\t\t\t\t\t\t\t\t\t\t\t\t\t\t\t\t<h3>20\u00b0C<\/h3>\n\t\t\t\t\t\t\t\t\t\t\t\t\t\t\t\t\t\t\t\t\t\t\t\t\t\t\t\t\t\t<p>in summer<\/p>\n\t\t\t\t\t\t\t\t\t\t\t\t\t\t\t\t\t\t\t\t\t\t\t\t\t\t\t\t<\/div>\n\t\t\t\t\t\t\t\t\t\t\t\t\t\t\t\t\t\t\t\t\t\t\t\t\t\t<div class=\"cnt-box\">\n\t\t\t\t\t\t\t\t\t\t\t\t\t\t\t\t\t\t\t\t\t\t\t\t\t\t\t\t\t<h3>-9\u00b0C<\/h3>\n\t\t\t\t\t\t\t\t\t\t\t\t\t\t\t\t\t\t\t\t\t\t\t\t\t\t\t\t\t\t<p>in winter<\/p>\n\t\t\t\t\t\t\t\t\t\t\t\t\t\t\t\t\t\t\t\t\t\t\t\t\t\t\t\t<\/div>\n\t\t\t\t\t\t\t\t\t\t\t\t\t\t\t\t\t\t\t\t\t\t\t\t<\/div>\n\t\t\t\t\t\t\t\t\t\t\t\t\t\t\t\t\t\t\t\t\t\t<div class=\"col climat-box text-center gridcolumns-2\">\n\t\t\t\t\t\t\t\t\t\t\t\t<h5>Labrador (North)\n<\/h5>\n\t\t\t\t\t\t\t\t\t\t\t\t\t\t\t\t\t\t\t\t\t\t\t\t\t\t\t\t\t\t\t\t\t\t\t\t\t<div class=\"cnt-box\">\n\t\t\t\t\t\t\t\t\t\t\t\t\t\t\t\t\t\t\t\t\t\t\t\t\t\t\t\t\t<h3>14\u00b0C<\/h3>\n\t\t\t\t\t\t\t\t\t\t\t\t\t\t\t\t\t\t\t\t\t\t\t\t\t\t\t\t\t\t<p>in summer<\/p>\n\t\t\t\t\t\t\t\t\t\t\t\t\t\t\t\t\t\t\t\t\t\t\t\t\t\t\t\t<\/div>\n\t\t\t\t\t\t\t\t\t\t\t\t\t\t\t\t\t\t\t\t\t\t\t\t\t\t<div class=\"cnt-box\">\n\t\t\t\t\t\t\t\t\t\t\t\t\t\t\t\t\t\t\t\t\t\t\t\t\t\t\t\t\t<h3>-10\u00b0C<\/h3>\n\t\t\t\t\t\t\t\t\t\t\t\t\t\t\t\t\t\t\t\t\t\t\t\t\t\t\t\t\t\t<p>in winter<\/p>\n\t\t\t\t\t\t\t\t\t\t\t\t\t\t\t\t\t\t\t\t\t\t\t\t\t\t\t\t<\/div>\n\t\t\t\t\t\t\t\t\t\t\t\t\t\t\t\t\t\t\t\t\t\t\t\t<\/div>\n\t\t\t\t\t\t\t\t\t\t\t\t\t\t\t\t\t\t\t<\/div>\n\t\t\t\t\t\t\t\t\t\t\t\t\t\t\t<\/div>\n\t\t\t\t\t\t<\/div>\n\t\t\t\t\t\t\t\t\t\t<\/div>\n\t\t\t<\/div>\n\t\t<\/div>\n\t\t\t<\/div>\n\t[\/vc_column][\/vc_row][vc_row][vc_column]\t<div id=\"pageblock-content-592967833\" class=\"theme-common liststyle-1 noshape\">\n\t\t<div class=\"container pt_80 pb_80\">\n\t\t\t<div class=\"img-cnt-box noshape\">\n\t\t\t\t<div class=\"row gy-5\">\n\t\t\t\t\t\t\t\t\t\t\t<div class=\"col-md-5 blockleft\">\n\t\t\t\t\t\t\t\t\t\t\t\t\t\t\t<h4 class=\"blocktitle\">Geography<\/h4>\n\t\t\t\t\t\t\t\t\t\t\t\t\t\t\t\t\t\t\t\t\t\t\t<figure>\n\t\t\t\t\t\t\t\t\t<img decoding=\"async\" class=\"blockimg\" src=\"https:\/\/refugies.immigrationfrancophone.ca\/wp-content\/uploads\/2022\/03\/TNL_immigration_03.jpg\" alt=\"Geography\" \/>\n\t\t\t\t\t\t\t\t\t\t\t\t\t\t\t\t\t<\/figure>\n\t\t\t\t\t\t\t\t\t\t\t\t\t\t<\/div>\n\t\t\t\t\t\t\t\t\t\t\t\t<div class=\"blockright col-md-7\">\n\t\t\t\t\t\t\t<div class=\"content-box\">\n\t\t\t\t\t\t\t\t\t\t\t\t\t\t\t\t\t<div class=\"boxcontent\">\n\t\t\t\t\t\t\t\t\t\t<\/p>\n<h2><strong>On the island of Newfoundland:<\/strong><\/h2>\n<p>\n\t\t\t\t\t\t\t\t\t<\/div>\n\t\t\t\t\t\t\t\t\t\t\t\t\t\t\t\t\t\t\t<div class=\"rowcol\">\n\t\t\t\t\t\t\t\t\t\t\t<h6><b>West<\/b><\/h6>\t\t\t\t\t\t\t\t\t\t\t<p>mountains<\/p>\n\t\t\t\t\t\t\t\t\t\t<\/div>\n\t\t\t\t\t\t\t\t\t\t\t\t\t\t\t\t\t\t\t\t<div class=\"rowcol\">\n\t\t\t\t\t\t\t\t\t\t\t<h6><b>Northeast<\/b><\/h6>\t\t\t\t\t\t\t\t\t\t\t<p>numerous bays, islands and headlands<\/p>\n\t\t\t\t\t\t\t\t\t\t<\/div>\n\t\t\t\t\t\t\t\t\t\t\t\t\t\t\t\t\t\t\t\t<div class=\"rowcol\">\n\t\t\t\t\t\t\t\t\t\t\t<h6><b>Inland<\/b><\/h6>\t\t\t\t\t\t\t\t\t\t\t<p>rugged valleys covered with wetlands and heather<\/p>\n\t\t\t\t\t\t\t\t\t\t<\/div>\n\t\t\t\t\t\t\t\t\t\t\t\t\t\t\t\t\t\t\t\t<div class=\"rowcol\">\n\t\t\t\t\t\t\t\t\t\t\t<h6><b>Population<\/b><\/h6>\t\t\t\t\t\t\t\t\t\t\t<p>92% of the population lives on the island of Newfoundland<\/p>\n\t\t\t\t\t\t\t\t\t\t<\/div>\n\t\t\t\t\t\t\t\t\t\t\t\t\t\t\t\t\t\t\t\t<div class=\"rowcol\">\n\t\t\t\t\t\t\t\t\t\t\t<h6><b>SAINT-JEAN<\/b><\/h6>\t\t\t\t\t\t\t\t\t\t\t<p>St. John's, with 214,000 inhabitants, is Canada\u2019s most easterly city.<\/p>\n\t\t\t\t\t\t\t\t\t\t<\/div>\n\t\t\t\t\t\t\t\t\t\t\t\t\t\t\t\t\t\t\t\t<div class=\"rowcol mb-3\">\n\t\t\t\t\t\t\t\t\t\t\t<h2><strong>In Labrador (North): <\/strong><\/h2>\t\t\t\t\t\t\t\t\t\t\t\t\t\t\t\t\t\t\t\t\t<\/div>\n\t\t\t\t\t\t\t\t\t\t\t\t\t\t\t\t\t\t\t\t<div class=\"rowcol\">\n\t\t\t\t\t\t\t\t\t\t\t<h6><b>Coastal region<\/b><\/h6>\t\t\t\t\t\t\t\t\t\t\t<p>mountains (Appalachian) with fjords <\/p>\n\t\t\t\t\t\t\t\t\t\t<\/div>\n\t\t\t\t\t\t\t\t\t\t\t\t\t\t\t\t\t\t\t\t<div class=\"rowcol\">\n\t\t\t\t\t\t\t\t\t\t\t<h6><b>Central region<\/b><\/h6>\t\t\t\t\t\t\t\t\t\t\t<p>wooded plateau where the cities are located<\/p>\n\t\t\t\t\t\t\t\t\t\t<\/div>\n\t\t\t\t\t\t\t\t\t\t\t\t\t\t\t\t\t<\/div>\n\t\t\t\t\t\t<\/div>\n\t\t\t\t\t\t\t\t\t\t<\/div>\n\t\t\t<\/div>\n\t\t<\/div>\n\t\t\t\t\t<div class=\"container\">\n\t\t\t\t<div class=\"bottom-seperator-row\"><\/div>\n\t\t\t<\/div>\n\t\t\t\t<\/div>\n\t[\/vc_column][\/vc_row][vc_row][vc_column]\t<div id=\"pageblock-content-2115006866\" class=\"theme-common liststyle-1\">\n\t\t<div class=\"container pt_80 pb_80\">\n\t\t\t<div class=\"img-cnt-box\">\n\t\t\t\t<div class=\"row gy-5\">\n\t\t\t\t\t\t\t\t\t\t\t<div class=\"col-md-5 blockleft\">\n\t\t\t\t\t\t\t\t\t\t\t\t\t\t\t<h4 class=\"blocktitle\">Access<\/h4>\n\t\t\t\t\t\t\t\t\t\t\t\t\t\t\t\t\t\t\t\t\t<\/div>\n\t\t\t\t\t\t\t\t\t\t\t\t<div class=\"blockright col-md-7\">\n\t\t\t\t\t\t\t<div class=\"content-box\">\n\t\t\t\t\t\t\t\t\t\t\t\t\t\t\t\t\t<div class=\"boxcontent\">\n\t\t\t\t\t\t\t\t\t\t<p>The island of Newfoundland is accessible by air (St. John&#8217;s and Gander International Airports) and by ferry, notably from Nova Scotia. Labrador is accessible by road from Qu\u00e9bec and by air (Wabush airport).<\/p>\n\t\t\t\t\t\t\t\t\t<\/div>\n\t\t\t\t\t\t\t\t\t\t\t\t\t\t\t\t<\/div>\n\t\t\t\t\t\t<\/div>\n\t\t\t\t\t\t\t\t\t\t<\/div>\n\t\t\t<\/div>\n\t\t<\/div>\n\t\t\t<\/div>\n\t[\/vc_column][\/vc_row][vc_row el_id=&#8221;en-savoir-plus&#8221;][vc_column]\t\t<div class=\"section-header theme-common\">\n\t\t\t<div class=\"container\">\n\t\t\t\t<h3>\n\t\t\t\t\t\t\t\t\t\tRead more\t\t\t\t<\/h3>\n\t\t\t<\/div>\n\t\t<\/div>\n\t\t[\/vc_column][\/vc_row][vc_row][vc_column]\t<div id=\"pageblock-content-436721159\" class=\"theme-common liststyle-1\">\n\t\t<div class=\"container pt_80 pb_80\">\n\t\t\t<div class=\"img-cnt-box\">\n\t\t\t\t<div class=\"row gy-5\">\n\t\t\t\t\t\t\t\t\t\t\t<div class=\"col-md-5 blockleft\">\n\t\t\t\t\t\t\t\t\t\t\t\t\t\t\t<h4 class=\"blocktitle\">Francophonie highlights<\/h4>\n\t\t\t\t\t\t\t\t\t\t\t\t\t\t\t\t\t\t\t\t\t<\/div>\n\t\t\t\t\t\t\t\t\t\t\t\t<div class=\"blockright col-md-7\">\n\t\t\t\t\t\t\t<div class=\"content-box\">\n\t\t\t\t\t\t\t\t\t\t\t\t\t\t\t\t\t<div class=\"boxcontent\">\n\t\t\t\t\t\t\t\t\t\t<p>In 1999, the provincial government declared May 30 \u201cJourn\u00e9e de la francophonie terre-neuvienne-et-labradorienne\u201d (Newfoundland and Labrador Francophonie Day). It has been celebrated by the community every year since.<\/p>\n\t\t\t\t\t\t\t\t\t<\/div>\n\t\t\t\t\t\t\t\t\t\t\t\t\t\t\t\t<\/div>\n\t\t\t\t\t\t<\/div>\n\t\t\t\t\t\t\t\t\t\t<\/div>\n\t\t\t<\/div>\n\t\t<\/div>\n\t\t\t\t\t<div class=\"container\">\n\t\t\t\t<div class=\"bottom-seperator-row\"><\/div>\n\t\t\t<\/div>\n\t\t\t\t<\/div>\n\t[\/vc_column][\/vc_row][vc_row el_class=&#8221;mhcustom&#8221;][vc_column]\t<div id=\"pageblock-content-1628676758\" class=\"theme-common liststyle-1 has_shape\">\n\t\t<div class=\"container pt_80 pb_80\">\n\t\t\t<div class=\"img-cnt-box has_shape\">\n\t\t\t\t<div class=\"row gy-5\">\n\t\t\t\t\t\t\t\t\t\t\t<div class=\"col-md-5 blockleft\">\n\t\t\t\t\t\t\t\t\t\t\t\t\t\t\t<h4 class=\"blocktitle\">History<\/h4>\n\t\t\t\t\t\t\t\t\t\t\t\t\t\t\t\t\t\t\t\t\t\t\t<figure>\n\t\t\t\t\t\t\t\t\t<img decoding=\"async\" class=\"blockimg\" src=\"https:\/\/refugies.immigrationfrancophone.ca\/wp-content\/uploads\/2022\/03\/TNL_immigration_05.jpg\" alt=\"History\" \/>\n\t\t\t\t\t\t\t\t\t\t\t\t\t\t\t\t\t\t\t<div class=\"img-caption\">\n\t\t\t\t\t\t\t\t\t\t\t@Fe\u0301de\u0301ration des francophones de Terre-Neuve et du Labrador\t\t\t\t\t\t\t\t\t\t<\/div>\n\t\t\t\t\t\t\t\t\t\t\t\t\t\t\t\t\t\t<\/figure>\n\t\t\t\t\t\t\t\t\t\t\t\t\t\t<\/div>\n\t\t\t\t\t\t\t\t\t\t\t\t<div class=\"blockright col-md-7\">\n\t\t\t\t\t\t\t<div class=\"content-box\">\n\t\t\t\t\t\t\t\t<p>The island of Newfoundland and the Labrador Peninsula have been inhabited since prehistoric times by the ancestors of the Beothuk, Innu and Inuit respectively. When the Vikings explored the Labrador coast around the year 1000, they established a temporary camp at L\u2019Anse-aux-Meadows, on the northern tip of Newfoundland. In 1497, the explorer John Cabot visited the island, which was then entirely populated by the Beothuk. In the centuries that followed, the Beothuk disappeared entirely as a result of contact with Europeans, while Mi\u2019kmaq travelling for the fur trade in the Gulf of St. Lawrence established themselves on the island.<\/p>\n<p>As early as 1660, a French colony took root in Plaisance (now Placentia). In 1713, the colony passed to Great Britain, but France retained fishing rights on the west and north sides of the island until 1904. During the 19th century, French people, St. Pierre families and Acadians settled on the French coast, particularly on the Port au Port peninsula. Labrador developed in the 1960s with the discovery of major mineral deposits and the construction of large hydroelectric dams.<\/p>\n\t\t\t\t\t\t\t<\/div>\n\t\t\t\t\t\t<\/div>\n\t\t\t\t\t\t\t\t\t\t<\/div>\n\t\t\t<\/div>\n\t\t<\/div>\n\t\t\t<\/div>\n\t[\/vc_column][\/vc_row]<\/p>\n<\/div>","protected":false},"excerpt":{"rendered":"<p>[vc_row][vc_column][\/vc_column][\/vc_row][vc_row][vc_column][\/vc_column][\/vc_row][vc_row el_id=&#8221;la-vie-en-fran\u00e7ais&#8221;][vc_column][\/vc_column][\/vc_row][vc_row][vc_column][\/vc_column][\/vc_row][vc_row el_class=&#8221;customizesect-sante&#8221;][vc_column][\/vc_column][\/vc_row][vc_row][vc_column][\/vc_column][\/vc_row][vc_row el_id=&#8221;immigration&#8221;][vc_column][\/vc_column][\/vc_row][vc_row][vc_column][\/vc_column][\/vc_row][vc_row][vc_column][\/vc_column][\/vc_row][vc_row el_class=&#8221;big-headings&#8221;][vc_column][\/vc_column][\/vc_row][vc_row el_id=&#8221;a-quoi-vous-attendre&#8221;][vc_column][\/vc_column][\/vc_row][vc_row css=&#8221;.vc_custom_1646225665629{background-color: #71bfb1 !important;}&#8221;][vc_column][\/vc_column][\/vc_row][vc_row][vc_column][\/vc_column][\/vc_row][vc_row][vc_column][\/vc_column][\/vc_row][vc_row el_id=&#8221;en-savoir-plus&#8221;][vc_column][\/vc_column][\/vc_row][vc_row][vc_column][\/vc_column][\/vc_row][vc_row el_class=&#8221;mhcustom&#8221;][vc_column][\/vc_column][\/vc_row]<\/p>\n","protected":false},"author":1,"featured_media":0,"parent":0,"menu_order":0,"comment_status":"closed","ping_status":"closed","template":"","meta":{"footnotes":""},"class_list":["post-1224","page","type-page","status-publish","hentry"],"featured_image_src":null,"featured_image_src_square":null,"_links":{"self":[{"href":"https:\/\/refugies.immigrationfrancophone.ca\/en\/wp-json\/wp\/v2\/pages\/1224","targetHints":{"allow":["GET"]}}],"collection":[{"href":"https:\/\/refugies.immigrationfrancophone.ca\/en\/wp-json\/wp\/v2\/pages"}],"about":[{"href":"https:\/\/refugies.immigrationfrancophone.ca\/en\/wp-json\/wp\/v2\/types\/page"}],"author":[{"embeddable":true,"href":"https:\/\/refugies.immigrationfrancophone.ca\/en\/wp-json\/wp\/v2\/users\/1"}],"replies":[{"embeddable":true,"href":"https:\/\/refugies.immigrationfrancophone.ca\/en\/wp-json\/wp\/v2\/comments?post=1224"}],"version-history":[{"count":0,"href":"https:\/\/refugies.immigrationfrancophone.ca\/en\/wp-json\/wp\/v2\/pages\/1224\/revisions"}],"wp:attachment":[{"href":"https:\/\/refugies.immigrationfrancophone.ca\/en\/wp-json\/wp\/v2\/media?parent=1224"}],"curies":[{"name":"wp","href":"https:\/\/api.w.org\/{rel}","templated":true}]}}