{"id":3189,"date":"2022-03-17T10:33:42","date_gmt":"2022-03-17T13:33:42","guid":{"rendered":"https:\/\/refugies.immigrationfrancophone.ca\/nova-scotia\/"},"modified":"2025-02-26T20:38:06","modified_gmt":"2025-02-27T00:38:06","slug":"nova-scotia","status":"publish","type":"page","link":"https:\/\/refugies.immigrationfrancophone.ca\/es\/nova-scotia\/","title":{"rendered":"Nova Scotia"},"content":{"rendered":"<div class=\"wpb-content-wrapper\"><p>[vc_row][vc_column]\t<div class=\"theme-immigration\" style='background-image: url( https:\/\/refugies.immigrationfrancophone.ca\/wp-content\/uploads\/2022\/03\/NE_immigration_01.jpg );'>\n\t\t<div class=\"left-box\">\n\t\t\t\t\t\t\t<div class=\"title-box\">\n\t\t\t\t\t<h1>Nueva Escocia<\/h1>\n\t\t\t\t<\/div>\n\t\t\t\t\t\t\t\t<div class=\"img-box d-lg-none\">\n\t\t\t\t\t<img decoding=\"async\" src=\"https:\/\/refugies.immigrationfrancophone.ca\/wp-content\/uploads\/2022\/03\/NE_immigration_01.jpg\" alt=\"Nueva Escocia\"\/>\n\t\t\t\t<\/div>\n\t\t\t\t\t\t\t\t<div class=\"content-box\">\n\t\t\t\t\t<p>Nueva Escocia, la provincia m\u00e1s poblada entre las provincias Mar\u00edtimas, es una pen\u00ednsula rodeada por el Oc\u00e9ano Atl\u00e1ntico. Cuna de Acadia y de Canad\u00e1, es en esta provincia donde se instal\u00f3 la colonia francesa de Port-Royal en 1604. Actualmente, m\u00e1s de 32.000 acadianos a\u00fan residen all\u00ed. Se encuentran principalmente en la regi\u00f3n suroeste (Clare y Argyle), en Cabo Bret\u00f3n (Ch\u00e9ticamp, Isle-Madame) y en Halifax, pero tambi\u00e9n en Sydney, Truro, Pomquet, la regi\u00f3n de South Shore, Chezzetcook y en el valle de Annapolis, donde se encuentra el sitio hist\u00f3rico nacional Grand-Pr\u00e9.<\/p>\n\t\t\t\t\t\t\t\t\t\t\t<div id=\"counter_count-777480562\" class=\"counter-main\">\n\t\t\t\t\t\t\t\t\t\t\t\t\t\t\t\t<div class=\"counter-box langcode-es\">\n\t\t\t\t\t\t\t\t\t\t<h3 id=\"counter_777480562_count-1\" data-fact=\"96085\">96085<\/h3>\n\t\t\t\t\t\t\t\t\t\t<p>Conocimiento del franc\u00e9s<\/p>\n\t\t\t\t\t\t\t\t\t<\/div>\n\t\t\t\t\t\t\t\t\t\t\t\t\t\t\t\t\t\t<div class=\"counter-box langcode-es\">\n\t\t\t\t\t\t\t\t\t\t<h3 id=\"counter_777480562_count-2\" data-fact=\"33345\">33345<\/h3>\n\t\t\t\t\t\t\t\t\t\t<p>Franc\u00e9s como lengua materna<\/p>\n\t\t\t\t\t\t\t\t\t<\/div>\n\t\t\t\t\t\t\t\t\t\t\t\t\t\t\t\t\t\t<div class=\"counter-box langcode-es\">\n\t\t\t\t\t\t\t\t\t\t<h3 id=\"counter_777480562_count-3\" data-fact=\"30250\">30250<\/h3>\n\t\t\t\t\t\t\t\t\t\t<p>Franc\u00e9s como primera lengua oficial<\/p>\n\t\t\t\t\t\t\t\t\t<\/div>\n\t\t\t\t\t\t\t\t\t\t\t\t\t\t\t\t\t<p>Fuente: Statistics Canada, Censo de 2016<\/p>\n\t\t\t\t\t\t\t\t\t\t\t\t\t\t<\/div>\n\t\t\t\t\t\t\t\t\t\t<\/div>\n\t\t\t\t\t\t<\/div>\n\t\t\t<\/div>\n\t[\/vc_column][\/vc_row][vc_row][vc_column]\t\t<div class=\"theme-services pt_70\">\n\t\t\t<div class=\"container\">\n\t\t\t\t<div class=\"row row-cols-1 row-cols-sm-2 row-cols-xl-4 gx-0 gy-5\">\n\t\t\t\t\t\t\t\t\t\t\t\t<div class=\"col\">\n\t\t\t\t\t\t\t\t<a href=\"#la-vie-en-fran\u00e7ais\">\t\t\t\t\t\t\t\t<div class=\"srv-box text-center\">\n\t\t\t\t\t\t\t\t\t\t\t\t\t\t\t\t\t\t\t<div class=\"icon-image\"><img loading=\"lazy\" decoding=\"async\" width=\"264\" height=\"238\" src=\"https:\/\/refugies.immigrationfrancophone.ca\/wp-content\/uploads\/2022\/03\/icon1.png\" class=\"attachment-full size-full\" alt=\"\" \/><\/div>\n\t\t\t\t\t\t\t\t\t\t\t\t\t\t\t\t\t\t\t<p>La vida en franc\u00e9s<\/p>\n\t\t\t\t\t\t\t\t<\/div>\n\t\t\t\t\t\t\t\t<\/a>\t\t\t\t\t\t\t<\/div>\n\t\t\t\t\t\t\t\t\t\t\t\t\t\t<div class=\"col\">\n\t\t\t\t\t\t\t\t<a href=\"#immigration\">\t\t\t\t\t\t\t\t<div class=\"srv-box text-center\">\n\t\t\t\t\t\t\t\t\t\t\t\t\t\t\t\t\t\t\t<div class=\"icon-image\"><img loading=\"lazy\" decoding=\"async\" width=\"234\" height=\"234\" src=\"https:\/\/refugies.immigrationfrancophone.ca\/wp-content\/uploads\/2022\/03\/icon2.png\" class=\"attachment-full size-full\" alt=\"\" srcset=\"https:\/\/refugies.immigrationfrancophone.ca\/wp-content\/uploads\/2022\/03\/icon2.png 234w, https:\/\/refugies.immigrationfrancophone.ca\/wp-content\/uploads\/2022\/03\/icon2-150x150.png 150w\" sizes=\"auto, (max-width: 234px) 100vw, 234px\" \/><\/div>\n\t\t\t\t\t\t\t\t\t\t\t\t\t\t\t\t\t\t\t<p>Inmigraci\u00f3n<\/p>\n\t\t\t\t\t\t\t\t<\/div>\n\t\t\t\t\t\t\t\t<\/a>\t\t\t\t\t\t\t<\/div>\n\t\t\t\t\t\t\t\t\t\t\t\t\t\t<div class=\"col\">\n\t\t\t\t\t\t\t\t<a href=\"#a-quoi-vous-attendre\">\t\t\t\t\t\t\t\t<div class=\"srv-box text-center\">\n\t\t\t\t\t\t\t\t\t\t\t\t\t\t\t\t\t\t\t<div class=\"icon-image\"><img loading=\"lazy\" decoding=\"async\" width=\"194\" height=\"258\" src=\"https:\/\/refugies.immigrationfrancophone.ca\/wp-content\/uploads\/2022\/03\/icon3.png\" class=\"attachment-full size-full\" alt=\"\" \/><\/div>\n\t\t\t\t\t\t\t\t\t\t\t\t\t\t\t\t\t\t\t<p>Qu\u00e9 esperar<\/p>\n\t\t\t\t\t\t\t\t<\/div>\n\t\t\t\t\t\t\t\t<\/a>\t\t\t\t\t\t\t<\/div>\n\t\t\t\t\t\t\t\t\t\t\t\t\t\t<div class=\"col\">\n\t\t\t\t\t\t\t\t<a href=\"#en-savoir-plus\">\t\t\t\t\t\t\t\t<div class=\"srv-box text-center\">\n\t\t\t\t\t\t\t\t\t\t\t\t\t\t\t\t\t\t\t<div class=\"icon-image\"><img loading=\"lazy\" decoding=\"async\" width=\"250\" height=\"247\" src=\"https:\/\/refugies.immigrationfrancophone.ca\/wp-content\/uploads\/2022\/03\/icon4.png\" class=\"attachment-full size-full\" alt=\"\" \/><\/div>\n\t\t\t\t\t\t\t\t\t\t\t\t\t\t\t\t\t\t\t<p>Conozca m\u00e1s<\/p>\n\t\t\t\t\t\t\t\t<\/div>\n\t\t\t\t\t\t\t\t<\/a>\t\t\t\t\t\t\t<\/div>\n\t\t\t\t\t\t\t\t\t\t\t<\/div>\n\t\t\t<\/div>\n\t\t<\/div>\n\t\t[\/vc_column][\/vc_row][vc_row el_id=&#8221;la-vie-en-fran\u00e7ais&#8221;][vc_column]\t\t<div class=\"section-header theme-common pt_80\">\n\t\t\t<div class=\"container\">\n\t\t\t\t<h3>\n\t\t\t\t\t\t\t\t\t\t\t<div class=\"icon-image\"><img loading=\"lazy\" decoding=\"async\" width=\"264\" height=\"238\" src=\"https:\/\/refugies.immigrationfrancophone.ca\/wp-content\/uploads\/2022\/03\/icon1.png\" class=\"attachment-full size-full\" alt=\"\" \/><\/div>\n\t\t\t\t\t\t\t\t\t\t\tLa vida en franc\u00e9s\t\t\t\t<\/h3>\n\t\t\t<\/div>\n\t\t<\/div>\n\t\t[\/vc_column][\/vc_row][vc_row el_class=&#8221;mhcustom&#8221;][vc_column]\t<div id=\"pageblock-content-132011005\" class=\"theme-common liststyle-1 has_shape\">\n\t\t<div class=\"container pt_80 pb_80\">\n\t\t\t<div class=\"img-cnt-box has_shape\">\n\t\t\t\t<div class=\"row gy-5\">\n\t\t\t\t\t\t\t\t\t\t\t<div class=\"col-md-5 blockleft\">\n\t\t\t\t\t\t\t\t\t\t\t\t\t\t\t<h4 class=\"blocktitle\">Educaci\u00f3n<\/h4>\n\t\t\t\t\t\t\t\t\t\t\t\t\t\t\t\t\t\t\t\t\t\t\t<figure>\n\t\t\t\t\t\t\t\t\t<img decoding=\"async\" class=\"blockimg\" src=\"https:\/\/refugies.immigrationfrancophone.ca\/wp-content\/uploads\/2022\/03\/NE_immigration_02.jpg\" alt=\"Educaci\u00f3n\" \/>\n\t\t\t\t\t\t\t\t\t\t\t\t\t\t\t\t\t\t\t<div class=\"img-caption\">\n\t\t\t\t\t\t\t\t\t\t\t@Conseil scolaire acadien provincial\t\t\t\t\t\t\t\t\t\t<\/div>\n\t\t\t\t\t\t\t\t\t\t\t\t\t\t\t\t\t\t<\/figure>\n\t\t\t\t\t\t\t\t\t\t\t\t\t\t<\/div>\n\t\t\t\t\t\t\t\t\t\t\t\t<div class=\"blockright col-md-7\">\n\t\t\t\t\t\t\t<div class=\"content-box\">\n\t\t\t\t\t\t\t\t<p>El Conseil scolaire acadien provincial (CSAP) (Consejo escolar provincial acadiano) cuenta con 19 escuelas de lengua francesa, incluidas nueve en el suroeste de la provincia (regiones de Clare y Argyle), seis en la regi\u00f3n de Halifax y tres en la regi\u00f3n de Cape Breton.<\/p>\n<ul>\n<li><a href=\"https:\/\/csap.ca\/\" target=\"_blank\" rel=\"noopener\">Conseil scolaire acadien provincial (CSAP) (Consejo escolar provincial acadiano)<\/a><\/li>\n<\/ul>\n<p>Nueva Escocia cuenta con varios centros de primera infancia y guarder\u00edas en franc\u00e9s, entre ellos Le Petit Voilier (Halifax), Papillons et Pissenlits (Pubnico-Ouest), Le jardin des petits (Tusket), La P\u2019tite Acad\u00e9mie (Pointe-de-l\u2019\u00c9glise), Notre Jardin d\u2019Enfance (Meteghan), Les Petits Poussins (Ch\u00e9ticamp) y La cr\u00e8che des Petites \u00e9toiles (Arichat).<\/p>\n<p>Fundada en 1890, la Universit\u00e9 (Universidad) Sainte-Anne ofrece programas de educaci\u00f3n superior, as\u00ed como capacitaci\u00f3n para inmigrantes en su campus principal en Pointe-de-l\u2019\u00c9glise y en sus otros campus ubicados en Halifax, Petit-de-Grat, Saint-Joseph-du-Moine y Tusket.<\/p>\n<ul>\n<li><a href=\"https:\/\/www.usainteanne.ca\/\" target=\"_blank\" rel=\"noopener\">Universit\u00e9 (Universidad) Sainte-Anne<\/a><\/li>\n<\/ul>\n<p>\n\t\t\t\t\t\t\t<\/div>\n\t\t\t\t\t\t<\/div>\n\t\t\t\t\t\t\t\t\t\t<\/div>\n\t\t\t<\/div>\n\t\t<\/div>\n\t\t\t\t\t<div class=\"container\">\n\t\t\t\t<div class=\"bottom-seperator-row\"><\/div>\n\t\t\t<\/div>\n\t\t\t\t<\/div>\n\t[\/vc_column][\/vc_row][vc_row][vc_column]\t<div id=\"pageblock-content-1964043799\" class=\"theme-common liststyle-1 noshape\">\n\t\t<div class=\"container pt_80 pb_0\">\n\t\t\t<div class=\"img-cnt-box noshape\">\n\t\t\t\t<div class=\"row gy-5\">\n\t\t\t\t\t\t\t\t\t\t\t<div class=\"col-md-5 blockleft\">\n\t\t\t\t\t\t\t\t\t\t\t\t\t\t\t<h4 class=\"blocktitle\">Salud<\/h4>\n\t\t\t\t\t\t\t\t\t\t\t\t\t\t\t\t\t\t\t\t\t\t\t<figure>\n\t\t\t\t\t\t\t\t\t<img decoding=\"async\" class=\"blockimg\" src=\"https:\/\/refugies.immigrationfrancophone.ca\/wp-content\/uploads\/2022\/03\/sante_Ontario.png\" alt=\"Salud\" \/>\n\t\t\t\t\t\t\t\t\t\t\t\t\t\t\t\t\t<\/figure>\n\t\t\t\t\t\t\t\t\t\t\t\t\t\t<\/div>\n\t\t\t\t\t\t\t\t\t\t\t\t<div class=\"blockright col-md-7\">\n\t\t\t\t\t\t\t<div class=\"content-box\">\n\t\t\t\t\t\t\t\t<p>El <strong>R\u00e9seau Sant\u00e9 Nouvelle-\u00c9cosse (Red de salud de Nueva Escocia)<\/strong> gestiona el directorio de profesionales de la salud de habla francesa en la regi\u00f3n<\/p>\n<ul>\n<li><a href=\"http:\/\/novascotia.ca\/dhw\/repertoire-sante\/\" target=\"_blank\" rel=\"noopener\">R\u00e9seau Sant\u00e9 Nouvelle-\u00c9cosse (Red de salud de Nueva Escocia)<\/a><\/li>\n<\/ul>\n<p>&nbsp;<\/p>\n<p>El<strong> IWK Health Centre (centro de salud IWK)<\/strong> en Halifax ofrece, siempre que sea posible, servicios en franc\u00e9s o interpretaci\u00f3n a su pacientes franc\u00f3fonos.<\/p>\n<ul>\n<li><a href=\"http:\/\/www.iwk.nshealth.ca\/en\/page\/information-for-patients\" target=\"_blank\" rel=\"noopener\">IWK Health Centre (centro de salud IWK)<\/a><\/li>\n<\/ul>\n<p>&nbsp;<\/p>\n<p>El Centre de sant\u00e9 communautaire Sacr\u00e9-Coeur (centro de salud comunitario Sacr\u00e9-Coeur) en Ch\u00e9ticamp ofrece servicios y atenci\u00f3n en franc\u00e9s.<\/p>\n<p>El H\u00f4pital g\u00e9n\u00e9ral de Digby (hospital general) y el Centre de sant\u00e9 de Clare (centro de salud) cuentan con profesionales de la salud que brindan atenci\u00f3n y servicios sanitarios en franc\u00e9s.<\/p>\n\t\t\t\t\t\t\t<\/div>\n\t\t\t\t\t\t<\/div>\n\t\t\t\t\t\t\t\t\t\t<\/div>\n\t\t\t<\/div>\n\t\t<\/div>\n\t\t\t\t\t<div class=\"container\">\n\t\t\t\t<div class=\"bottom-seperator-row\"><\/div>\n\t\t\t<\/div>\n\t\t\t\t<\/div>\n\t[\/vc_column][\/vc_row][vc_row][vc_column]\t<div id=\"pageblock-content-1538706720\" class=\"theme-common liststyle-1 has_shape\">\n\t\t<div class=\"container pt_80 pb_80\">\n\t\t\t<div class=\"img-cnt-box has_shape\">\n\t\t\t\t<div class=\"row gy-5\">\n\t\t\t\t\t\t\t\t\t\t\t<div class=\"col-md-5 blockleft\">\n\t\t\t\t\t\t\t\t\t\t\t\t\t\t\t<h4 class=\"blocktitle\">Econom\u00eda y empleo<\/h4>\n\t\t\t\t\t\t\t\t\t\t\t\t\t\t\t\t\t\t\t\t\t\t\t<figure>\n\t\t\t\t\t\t\t\t\t<img decoding=\"async\" class=\"blockimg\" src=\"https:\/\/refugies.immigrationfrancophone.ca\/wp-content\/uploads\/2022\/03\/NB_FCFA_immigration_06.jpg\" alt=\"Econom\u00eda y empleo\" \/>\n\t\t\t\t\t\t\t\t\t\t\t\t\t\t\t\t\t<\/figure>\n\t\t\t\t\t\t\t\t\t\t\t\t\t\t<\/div>\n\t\t\t\t\t\t\t\t\t\t\t\t<div class=\"blockright col-md-7\">\n\t\t\t\t\t\t\t<div class=\"content-box\">\n\t\t\t\t\t\t\t\t<p>El <strong>Conseil de d\u00e9veloppement \u00e9conomique de la Nouvelle-\u00c9cosse (consejo de desarrollo econ\u00f3mico de Nueva Escocia)<\/strong>\u00a0es la principal organizaci\u00f3n franc\u00f3fona en materia de desarrollo econ\u00f3mico.<\/p>\n<ul>\n<li><a href=\"https:\/\/cdene.ns.ca\/fr\/\" target=\"_blank\" rel=\"noopener\">Conseil de d\u00e9veloppement \u00e9conomique de la Nouvelle-\u00c9cosse (consejo de desarrollo econ\u00f3mico de Nueva Escocia)<\/a><\/li>\n<\/ul>\n<p>&nbsp;<\/p>\n<p>El Conseil coop\u00e9ratif acadien de la Nouvelle-\u00c9cosse (consejo cooperativo acadiano de Nueva Escocia) tambi\u00e9n es un referente importante cuando de desarrollo econ\u00f3mico se trata.<\/p>\n<ul>\n<li><a href=\"http:\/\/www.conseilcoopne.ca\/fr\/index.html\" target=\"_blank\" rel=\"noopener\">Conseil coop\u00e9ratif acadien de la Nouvelle-\u00c9cosse (consejo cooperativo acadiano de Nueva Escocia)<\/a><\/li>\n<\/ul>\n<p>\n\t\t\t\t\t\t\t<\/div>\n\t\t\t\t\t\t<\/div>\n\t\t\t\t\t\t\t\t\t\t<\/div>\n\t\t\t<\/div>\n\t\t<\/div>\n\t\t\t<\/div>\n\t[\/vc_column][\/vc_row][vc_row el_id=&#8221;immigration&#8221;][vc_column]\t\t<div class=\"section-header theme-common pt_0 pb_0\">\n\t\t\t<div class=\"container\">\n\t\t\t\t<h3>\n\t\t\t\t\t\t\t\t\t\t\t<div class=\"icon-image\"><img loading=\"lazy\" decoding=\"async\" width=\"234\" height=\"234\" src=\"https:\/\/refugies.immigrationfrancophone.ca\/wp-content\/uploads\/2022\/03\/icon2.png\" class=\"attachment-full size-full\" alt=\"\" srcset=\"https:\/\/refugies.immigrationfrancophone.ca\/wp-content\/uploads\/2022\/03\/icon2.png 234w, https:\/\/refugies.immigrationfrancophone.ca\/wp-content\/uploads\/2022\/03\/icon2-150x150.png 150w\" sizes=\"auto, (max-width: 234px) 100vw, 234px\" \/><\/div>\n\t\t\t\t\t\t\t\t\t\t\tInmigraci\u00f3n\t\t\t\t<\/h3>\n\t\t\t<\/div>\n\t\t<\/div>\n\t\t[\/vc_column][\/vc_row][vc_row][vc_column]\t<div id=\"pageblock-content-241136607\" class=\"theme-common liststyle-2 noshape\">\n\t\t<div class=\"container pt_80 pb_80\">\n\t\t\t<div class=\"img-cnt-box noshape\">\n\t\t\t\t<div class=\"row gy-5\">\n\t\t\t\t\t\t\t\t\t\t\t<div class=\"col-md-5 blockleft\">\n\t\t\t\t\t\t\t\t\t\t\t\t\t\t\t<h4 class=\"blocktitle\">Empleo<\/h4>\n\t\t\t\t\t\t\t\t\t\t\t\t\t\t\t\t\t\t\t\t\t\t\t<figure>\n\t\t\t\t\t\t\t\t\t<img decoding=\"async\" class=\"blockimg\" src=\"https:\/\/refugies.immigrationfrancophone.ca\/wp-content\/uploads\/2022\/03\/NE_immigration_03.jpg\" alt=\"Empleo\" \/>\n\t\t\t\t\t\t\t\t\t\t\t\t\t\t\t\t\t<\/figure>\n\t\t\t\t\t\t\t\t\t\t\t\t\t\t<\/div>\n\t\t\t\t\t\t\t\t\t\t\t\t<div class=\"blockright col-md-7\">\n\t\t\t\t\t\t\t<div class=\"content-box\">\n\t\t\t\t\t\t\t\t<p><strong>Los siguientes son los principales sectores econ\u00f3micos que reclutan en la provincia:<\/strong><\/p>\n<ul>\n<li>La industria pesquera y de procesamiento de mariscos<\/li>\n<li>Miner\u00eda<\/li>\n<li>Turismo<\/li>\n<li>Construcci\u00f3n naval<\/li>\n<li>Salud<\/li>\n<li>Tecnolog\u00edas de la informaci\u00f3n y la comunicaci\u00f3n<\/li>\n<\/ul>\n<p>\n\t\t\t\t\t\t\t<\/div>\n\t\t\t\t\t\t<\/div>\n\t\t\t\t\t\t\t\t\t\t<\/div>\n\t\t\t<\/div>\n\t\t<\/div>\n\t\t\t\t\t<div class=\"container\">\n\t\t\t\t<div class=\"bottom-seperator-row\"><\/div>\n\t\t\t<\/div>\n\t\t\t\t<\/div>\n\t[\/vc_column][\/vc_row][vc_row][vc_column]\t<div id=\"pageblock-content-2000338346\" class=\"theme-common liststyle-1 noshape\">\n\t\t<div class=\"container pt_80 pb_80\">\n\t\t\t<div class=\"img-cnt-box noshape\">\n\t\t\t\t<div class=\"row gy-5\">\n\t\t\t\t\t\t\t\t\t\t\t<div class=\"col-md-5 blockleft\">\n\t\t\t\t\t\t\t\t\t\t\t\t\t\t\t<h4 class=\"blocktitle\">Servicios de integraci\u00f3n<\/h4>\n\t\t\t\t\t\t\t\t\t\t\t\t\t\t\t\t\t\t\t\t\t\t\t<figure>\n\t\t\t\t\t\t\t\t\t<img decoding=\"async\" class=\"blockimg\" src=\"https:\/\/refugies.immigrationfrancophone.ca\/wp-content\/uploads\/2022\/03\/serviceetablissement.png\" alt=\"Servicios de integraci\u00f3n\" \/>\n\t\t\t\t\t\t\t\t\t\t\t\t\t\t\t\t\t<\/figure>\n\t\t\t\t\t\t\t\t\t\t\t\t\t\t<\/div>\n\t\t\t\t\t\t\t\t\t\t\t\t<div class=\"blockright col-md-7\">\n\t\t\t\t\t\t\t<div class=\"content-box\">\n\t\t\t\t\t\t\t\t<p>Ubicado en Halifax, el organismo <strong>Immigration francophone Nouvelle-\u00c9cosse<\/strong> ofrece servicios gratuitos de recepci\u00f3n e integraci\u00f3n en franc\u00e9s a los reci\u00e9n llegados.<\/p>\n<ul>\n<li><a href=\"https:\/\/www.immigrationfrancophonene.ca\/\" target=\"_blank\" rel=\"noopener\">Immigration francophone Nouvelle-\u00c9cosse<\/a><\/li>\n<\/ul>\n<p>&nbsp;<\/p>\n<p>El <strong>Conseil de d\u00e9veloppement \u00e9conomique de la Nouvelle-\u00c9cosse (CD\u00c9N\u00c9) (consejo de desarrollo econ\u00f3mico de Nueva Escocia)<\/strong> ofrece servicios de inmigraci\u00f3n econ\u00f3mica que facilitan la integraci\u00f3n de los inmigrantes franc\u00f3fonos en el mercado laboral. Se ofrecen servicios gratuitos a inmigrantes franc\u00f3fonos y a potenciales inmigrantes.<\/p>\n<ul>\n<li><a href=\"https:\/\/cdene.ns.fr\/es\/\" target=\"_blank\" rel=\"noopener\">Conseil de d\u00e9veloppement \u00e9conomique de la Nouvelle-\u00c9cosse (CD\u00c9N\u00c9) (consejo de desarrollo econ\u00f3mico de Nueva Escocia)<\/a><\/li>\n<\/ul>\n<p>&nbsp;<\/p>\n<p>El <strong>campus de Halifax de la Universit\u00e9 (Universidad) Sainte-Anne<\/strong> ofrece el programa de formaci\u00f3n y experiencia laboral para inmigrantes franc\u00f3fonos. Este programa les permite: mejorar su nivel de ingl\u00e9s para conseguir un trabajo, adquirir las herramientas y t\u00e9cnicas necesarias para realizar una b\u00fasqueda de empleo efectiva y construir una nueva red de contactos en la regi\u00f3n.<\/p>\n<ul>\n<li><a href=\"https:\/\/www.usainteanne.ca\" target=\"_blank\" rel=\"noopener\">Campus de Halifax de la Universit\u00e9 (Universidad) Sainte-Anne <\/a><\/li>\n<\/ul>\n<p>\n\t\t\t\t\t\t\t<\/div>\n\t\t\t\t\t\t<\/div>\n\t\t\t\t\t\t\t\t\t\t<\/div>\n\t\t\t<\/div>\n\t\t<\/div>\n\t\t\t\t\t<div class=\"container\">\n\t\t\t\t<div class=\"bottom-seperator-row\"><\/div>\n\t\t\t<\/div>\n\t\t\t\t<\/div>\n\t[\/vc_column][\/vc_row][vc_row el_class=&#8221;big-headings mhcustom&#8221;][vc_column]\t<div id=\"pageblock-content-1168488056\" class=\"theme-common liststyle-1 has_shape\">\n\t\t<div class=\"container pt_80 pb_80\">\n\t\t\t<div class=\"img-cnt-box has_shape\">\n\t\t\t\t<div class=\"row gy-5\">\n\t\t\t\t\t\t\t\t\t\t\t<div class=\"col-md-5 blockleft\">\n\t\t\t\t\t\t\t\t\t\t\t\t\t\t\t<h4 class=\"blocktitle\">Una comunidad franc\u00f3fona amable<\/h4>\n\t\t\t\t\t\t\t\t\t\t\t\t\t\t\t\t\t\t\t\t\t\t\t<figure>\n\t\t\t\t\t\t\t\t\t<img decoding=\"async\" class=\"blockimg\" src=\"https:\/\/refugies.immigrationfrancophone.ca\/wp-content\/uploads\/2022\/03\/NE_immigration_04.jpg\" alt=\"Una comunidad franc\u00f3fona amable\" \/>\n\t\t\t\t\t\t\t\t\t\t\t\t\t\t\t\t\t\t\t<div class=\"img-caption\">\n\t\t\t\t\t\t\t\t\t\t\t@Communaute\u0301 francophone accueillante de Clare\t\t\t\t\t\t\t\t\t\t<\/div>\n\t\t\t\t\t\t\t\t\t\t\t\t\t\t\t\t\t\t<\/figure>\n\t\t\t\t\t\t\t\t\t\t\t\t\t\t<\/div>\n\t\t\t\t\t\t\t\t\t\t\t\t<div class=\"blockright col-md-7\">\n\t\t\t\t\t\t\t<div class=\"content-box\">\n\t\t\t\t\t\t\t\t<\/p>\n<h3><strong><span style=\"color: #82bdb1;\">Clare<\/span><\/strong><\/h3>\n<p>&nbsp;<\/p>\n<p>Situado al suroeste de Nueva Escocia, a unos 300 km de la ciudad de Halifax, la municipalidad de Clare se encuentra en Baie Sainte-Marie, e incluye m\u00e1s de 25 peque\u00f1os pueblos entre las ciudades de Digby y Yarmouth. Famosa por su alegr\u00eda de vivir, la acogedora comunidad franc\u00f3fona se enorgullece de mostrar sus colores acadianos. Si bien la cuna de Acadia, Grand-Pr\u00e9, est\u00e1 cerca, fue despu\u00e9s de la deportaci\u00f3n que Clare fue poblada por acadianos en 1768. Hoy en d\u00eda, la regi\u00f3n est\u00e1 llena de actividades comunitarias y deportivas, incluido el Festival acadien de Clare, el festival acadiano m\u00e1s antiguo que existe, y el Gran Fondo Baie Sainte-Marie, el evento cicl\u00edstico m\u00e1s grande del Atl\u00e1ntico canadiense.<\/p>\n<p><strong>Algunas cifras:<\/strong><br \/>\nEl 73,6% de la poblaci\u00f3n sabe franc\u00e9s.<br \/>\nEl 42,7% de la poblaci\u00f3n trabaja en franc\u00e9s.<\/p>\n<h6>Fuente: Statistics Canada, Censo de 2016<\/h6>\n<p>&nbsp;<\/p>\n<ul>\n<li><a href=\"https:\/\/www.clarenovascotia.com\/citoyens\/cfaclare?fbclid=IwAR1Fq7OlSav9lXozN2a2Mbcnsi7hfy6BBOrp_f9vfRvY8gSj8G3Ox10JfFo\" target=\"_blank\" rel=\"noopener\">More information<\/a><\/li>\n<\/ul>\n<p>\n\t\t\t\t\t\t\t<\/div>\n\t\t\t\t\t\t<\/div>\n\t\t\t\t\t\t\t\t\t\t<\/div>\n\t\t\t<\/div>\n\t\t<\/div>\n\t\t\t<\/div>\n\t[\/vc_column][\/vc_row][vc_row el_id=&#8221;a-quoi-vous-attendre&#8221;][vc_column]\t\t<div class=\"section-header theme-common pb_80\">\n\t\t\t<div class=\"container\">\n\t\t\t\t<h3>\n\t\t\t\t\t\t\t\t\t\t\t<div class=\"icon-image\"><img loading=\"lazy\" decoding=\"async\" width=\"194\" height=\"258\" src=\"https:\/\/refugies.immigrationfrancophone.ca\/wp-content\/uploads\/2022\/03\/icon3.png\" class=\"attachment-full size-full\" alt=\"\" \/><\/div>\n\t\t\t\t\t\t\t\t\t\t\tQu\u00e9 esperar\t\t\t\t<\/h3>\n\t\t\t<\/div>\n\t\t<\/div>\n\t\t[\/vc_column][\/vc_row][vc_row css=&#8221;.vc_custom_1646225665629{background-color: #71bfb1 !important;}&#8221;][vc_column]\t<div id=\"pageblock-content-954366184\" class=\"theme-common bg-transparent climat liststyle-1 noshape\">\n\t\t<div class=\"container pt_80 pb_80\">\n\t\t\t<div class=\"img-cnt-box noshape\">\n\t\t\t\t<div class=\"row gy-5\">\n\t\t\t\t\t\t\t\t\t\t\t<div class=\"col-md-5 blockleft\">\n\t\t\t\t\t\t\t\t\t\t\t\t\t\t\t<h4 class=\"blocktitle\">Clima<\/h4>\n\t\t\t\t\t\t\t\t\t\t\t\t\t\t\t\t\t\t\t\t\t<\/div>\n\t\t\t\t\t\t\t\t\t\t\t\t<div class=\"blockright col-md-7\">\n\t\t\t\t\t\t\t<div class=\"content-box\">\n\t\t\t\t\t\t\t\t\t\t\t\t\t\t\t\t\t<div class=\"boxcontent text-white mb-5\">\n\t\t\t\t\t\t\t\t\t\t<\/p>\n<h3>La costa oeste de Cabo Bret\u00f3n es conocida por sus grandes y fuertes vientos provenientes del sureste.<\/h3>\n<p>\n\t\t\t\t\t\t\t\t\t<\/div>\n\t\t\t\t\t\t\t\t\t\t\t\t\t\t\t\t\t<div class=\"row gx-0 gy-5 row-cols-1 row-cols-sm-2 row-cols-md-2 row-cols-lg-2\">\n\t\t\t\t\t\t\t\t\t\t\t\t\t\t\t\t\t\t\t\t<div class=\"col climat-box text-center gridcolumns-2\">\n\t\t\t\t\t\t\t\t\t\t\t\t<h5>Verano\n<\/h5>\n\t\t\t\t\t\t\t\t\t\t\t\t\t\t\t\t\t\t\t\t\t\t\t\t\t\t\t\t\t\t\t\t\t\t\t\t\t<div class=\"cnt-box\">\n\t\t\t\t\t\t\t\t\t\t\t\t\t\t\t\t\t\t\t\t\t\t\t\t\t\t\t\t\t<h3>20\u00b0C <\/h3>\n\t\t\t\t\t\t\t\t\t\t\t\t\t\t\t\t\t\t\t\t\t\t\t\t\t\t\t\t\t\t<p>en promedio<\/p>\n\t\t\t\t\t\t\t\t\t\t\t\t\t\t\t\t\t\t\t\t\t\t\t\t\t\t\t\t<\/div>\n\t\t\t\t\t\t\t\t\t\t\t\t\t\t\t\t\t\t\t\t\t\t\t\t<\/div>\n\t\t\t\t\t\t\t\t\t\t\t\t\t\t\t\t\t\t\t\t\t\t<div class=\"col climat-box text-center gridcolumns-2\">\n\t\t\t\t\t\t\t\t\t\t\t\t<h5>Invierno\n<\/h5>\n\t\t\t\t\t\t\t\t\t\t\t\t\t\t\t\t\t\t\t\t\t\t\t\t\t\t\t\t\t\t\t\t\t\t\t\t\t<div class=\"cnt-box\">\n\t\t\t\t\t\t\t\t\t\t\t\t\t\t\t\t\t\t\t\t\t\t\t\t\t\t\t\t\t<h3>-5\u00b0C <\/h3>\n\t\t\t\t\t\t\t\t\t\t\t\t\t\t\t\t\t\t\t\t\t\t\t\t\t\t\t\t\t\t<p>en promedio<\/p>\n\t\t\t\t\t\t\t\t\t\t\t\t\t\t\t\t\t\t\t\t\t\t\t\t\t\t\t\t<\/div>\n\t\t\t\t\t\t\t\t\t\t\t\t\t\t\t\t\t\t\t\t\t\t\t\t<\/div>\n\t\t\t\t\t\t\t\t\t\t\t\t\t\t\t\t\t\t\t<\/div>\n\t\t\t\t\t\t\t\t\t\t\t\t\t\t\t<\/div>\n\t\t\t\t\t\t<\/div>\n\t\t\t\t\t\t\t\t\t\t<\/div>\n\t\t\t<\/div>\n\t\t<\/div>\n\t\t\t<\/div>\n\t[\/vc_column][\/vc_row][vc_row][vc_column]\t<div id=\"pageblock-content-1358923309\" class=\"theme-common liststyle-1 noshape\">\n\t\t<div class=\"container pt_80 pb_80\">\n\t\t\t<div class=\"img-cnt-box noshape\">\n\t\t\t\t<div class=\"row gy-5\">\n\t\t\t\t\t\t\t\t\t\t\t<div class=\"col-md-5 blockleft\">\n\t\t\t\t\t\t\t\t\t\t\t\t\t\t\t<h4 class=\"blocktitle\">Geograf\u00eda<\/h4>\n\t\t\t\t\t\t\t\t\t\t\t\t\t\t\t\t\t\t\t\t\t\t\t<figure>\n\t\t\t\t\t\t\t\t\t<img decoding=\"async\" class=\"blockimg\" src=\"https:\/\/refugies.immigrationfrancophone.ca\/wp-content\/uploads\/2022\/03\/NE_immigration_05.jpg\" alt=\"Geograf\u00eda\" \/>\n\t\t\t\t\t\t\t\t\t\t\t\t\t\t\t\t\t<\/figure>\n\t\t\t\t\t\t\t\t\t\t\t\t\t\t<\/div>\n\t\t\t\t\t\t\t\t\t\t\t\t<div class=\"blockright col-md-7\">\n\t\t\t\t\t\t\t<div class=\"content-box\">\n\t\t\t\t\t\t\t\t\t\t\t\t\t\t\t\t\t\t<div class=\"rowcol\">\n\t\t\t\t\t\t\t\t\t\t\t<h6><b>Provincia<\/b><\/h6>\t\t\t\t\t\t\t\t\t\t\t<p>Compuesta de bah\u00edas y estuarios, todos los lugares de la provincia est\u00e1n a una distancia de unos 50 km del mar.<\/p>\n\t\t\t\t\t\t\t\t\t\t<\/div>\n\t\t\t\t\t\t\t\t\t\t\t\t\t\t\t\t\t\t\t\t<div class=\"rowcol\">\n\t\t\t\t\t\t\t\t\t\t\t<h6><b>Noreste<\/b><\/h6>\t\t\t\t\t\t\t\t\t\t\t<p>Al noreste hay una parte monta\u00f1osa de los Apalaches cubierta de bosques.<\/p>\n\t\t\t\t\t\t\t\t\t\t<\/div>\n\t\t\t\t\t\t\t\t\t\t\t\t\t\t\t\t\t\t\t\t<div class=\"rowcol\">\n\t\t\t\t\t\t\t\t\t\t\t<h6><b>Poblaci\u00f3n<\/b><\/h6>\t\t\t\t\t\t\t\t\t\t\t<p>Halifax es la ciudad m\u00e1s poblada con casi 300.000 habitantes, seguida de lejos por Sydney (con algo m\u00e1s de 30.000) y Truro (con 23.000).<\/p>\n\t\t\t\t\t\t\t\t\t\t<\/div>\n\t\t\t\t\t\t\t\t\t\t\t\t\t\t\t\t\t<\/div>\n\t\t\t\t\t\t<\/div>\n\t\t\t\t\t\t\t\t\t\t<\/div>\n\t\t\t<\/div>\n\t\t<\/div>\n\t\t\t\t\t<div class=\"container\">\n\t\t\t\t<div class=\"bottom-seperator-row\"><\/div>\n\t\t\t<\/div>\n\t\t\t\t<\/div>\n\t[\/vc_column][\/vc_row][vc_row][vc_column]\t<div id=\"pageblock-content-1969740554\" class=\"theme-common liststyle-1\">\n\t\t<div class=\"container pt_80 pb_80\">\n\t\t\t<div class=\"img-cnt-box\">\n\t\t\t\t<div class=\"row gy-5\">\n\t\t\t\t\t\t\t\t\t\t\t<div class=\"col-md-5 blockleft\">\n\t\t\t\t\t\t\t\t\t\t\t\t\t\t\t<h4 class=\"blocktitle\">Acceso<\/h4>\n\t\t\t\t\t\t\t\t\t\t\t\t\t\t\t\t\t\t\t\t\t<\/div>\n\t\t\t\t\t\t\t\t\t\t\t\t<div class=\"blockright col-md-7\">\n\t\t\t\t\t\t\t<div class=\"content-box\">\n\t\t\t\t\t\t\t\t\t\t\t\t\t\t\t\t\t<div class=\"boxcontent\">\n\t\t\t\t\t\t\t\t\t\t<\/p>\n<h3><span style=\"color: #82bdb1;\"><strong>Los dos aeropuertos principales de la provincia est\u00e1 ubicados en Halifax y Sydney. <\/strong><\/span><\/h3>\n<p>Tambi\u00e9n hay servicios de ferri a la Isla del Pr\u00edncipe Eduardo y Terranova.<\/p>\n<p>Se puede acceder a Nueva Escocia por carretera desde la vecina provincia de Nuevo Brunswick y hay una carretera a la isla de Cabo Bret\u00f3n.<\/p>\n\t\t\t\t\t\t\t\t\t<\/div>\n\t\t\t\t\t\t\t\t\t\t\t\t\t\t\t\t<\/div>\n\t\t\t\t\t\t<\/div>\n\t\t\t\t\t\t\t\t\t\t<\/div>\n\t\t\t<\/div>\n\t\t<\/div>\n\t\t\t<\/div>\n\t[\/vc_column][\/vc_row][vc_row el_id=&#8221;en-savoir-plus&#8221;][vc_column]\t\t<div class=\"section-header theme-common\">\n\t\t\t<div class=\"container\">\n\t\t\t\t<h3>\n\t\t\t\t\t\t\t\t\t\tConozca m\u00e1s\t\t\t\t<\/h3>\n\t\t\t<\/div>\n\t\t<\/div>\n\t\t[\/vc_column][\/vc_row][vc_row][vc_column]\t<div id=\"pageblock-content-1246750159\" class=\"theme-common liststyle-1 noshape\">\n\t\t<div class=\"container pt_80 pb_80\">\n\t\t\t<div class=\"img-cnt-box noshape\">\n\t\t\t\t<div class=\"row gy-5\">\n\t\t\t\t\t\t\t\t\t\t\t<div class=\"col-md-5 blockleft\">\n\t\t\t\t\t\t\t\t\t\t\t\t\t\t\t<h4 class=\"blocktitle\">Hitos (y\/o grandes figuras) de la francofon\u00eda<\/h4>\n\t\t\t\t\t\t\t\t\t\t\t\t\t\t\t\t\t\t\t\t\t\t\t<figure>\n\t\t\t\t\t\t\t\t\t<img decoding=\"async\" class=\"blockimg\" src=\"https:\/\/refugies.immigrationfrancophone.ca\/wp-content\/uploads\/2022\/03\/NE_immigration_06.jpg\" alt=\"Hitos (y\/o grandes figuras) de la francofon\u00eda\" \/>\n\t\t\t\t\t\t\t\t\t\t\t\t\t\t\t\t\t<\/figure>\n\t\t\t\t\t\t\t\t\t\t\t\t\t\t<\/div>\n\t\t\t\t\t\t\t\t\t\t\t\t<div class=\"blockright col-md-7\">\n\t\t\t\t\t\t\t<div class=\"content-box\">\n\t\t\t\t\t\t\t\t\t\t\t\t\t\t\t\t\t<div class=\"boxcontent\">\n\t\t\t\t\t\t\t\t\t\t<p>\u2022 En 2004, con motivo del 400 aniversario de la fundaci\u00f3n de Port-Royal, la comunidad acadiana de Nueva Escocia fue sede del tercer Congreso Mundial Acadiano. La canci\u00f3n tem\u00e1tica, Je reviens au Berceau de l\u2019Acadie, fue compuesta e interpretada por el grupo Grand D\u00e9rangement, originario de Baie Sainte-Marie.<\/p>\n<p>\u2022 En 2016, despu\u00e9s de tres a\u00f1os de procedimientos legales, la comunidad acadiense obtuvo una victoria en los tribunales al invalidar una reforma electoral que eliminaba tres distritos electorales acadienses protegidos: Clare, Argyle y Richmond.<\/p>\n\t\t\t\t\t\t\t\t\t<\/div>\n\t\t\t\t\t\t\t\t\t\t\t\t\t\t\t\t<\/div>\n\t\t\t\t\t\t<\/div>\n\t\t\t\t\t\t\t\t\t\t<\/div>\n\t\t\t<\/div>\n\t\t<\/div>\n\t\t\t\t\t<div class=\"container\">\n\t\t\t\t<div class=\"bottom-seperator-row\"><\/div>\n\t\t\t<\/div>\n\t\t\t\t<\/div>\n\t[\/vc_column][\/vc_row][vc_row][vc_column]\t<div id=\"pageblock-content-748344328\" class=\"theme-common liststyle-1 has_shape\">\n\t\t<div class=\"container pt_80 pb_80\">\n\t\t\t<div class=\"img-cnt-box has_shape\">\n\t\t\t\t<div class=\"row gy-5\">\n\t\t\t\t\t\t\t\t\t\t\t<div class=\"col-md-5 blockleft\">\n\t\t\t\t\t\t\t\t\t\t\t\t\t\t\t<h4 class=\"blocktitle\">Historia<\/h4>\n\t\t\t\t\t\t\t\t\t\t\t\t\t\t\t\t\t\t\t\t\t\t\t<figure>\n\t\t\t\t\t\t\t\t\t<img decoding=\"async\" class=\"blockimg\" src=\"https:\/\/refugies.immigrationfrancophone.ca\/wp-content\/uploads\/2022\/03\/NE_immigration_07.jpg\" alt=\"Historia\" \/>\n\t\t\t\t\t\t\t\t\t\t\t\t\t\t\t\t\t<\/figure>\n\t\t\t\t\t\t\t\t\t\t\t\t\t\t<\/div>\n\t\t\t\t\t\t\t\t\t\t\t\t<div class=\"blockright col-md-7\">\n\t\t\t\t\t\t\t<div class=\"content-box\">\n\t\t\t\t\t\t\t\t<p>Un centenar de familias francesas dieron origen a Acadia en el siglo XVII al establecerse en los alrededores de Port-Royal, en las orillas de lo que hoy es la bah\u00eda de Fundy. En 1755, cuatro d\u00e9cadas despu\u00e9s de que Acadia fuera cedida a Gran Breta\u00f1a, las autoridades brit\u00e1nicas deportaron a los acadianos a las colonias americanas y a Inglaterra. A partir de 1764, se les permiti\u00f3 regresar a Nueva Escocia con la condici\u00f3n de que no formaran grupos lo suficientemente grandes como para representar una amenaza. Los acadianos se dispersaron y se establecieron en las costas de la provincia.<\/p>\n<p>En el siglo XIX, la econom\u00eda de Acadia en Nueva Escocia giraba principalmente en torno a la pesca, las plantas de procesamiento de mariscos, la madera y la construcci\u00f3n de barcos. En el siglo XX, los acadianos de Ch\u00e9ticamp crearon uno de los movimientos cooperativos m\u00e1s importantes de la provincia.<\/p>\n\t\t\t\t\t\t\t<\/div>\n\t\t\t\t\t\t<\/div>\n\t\t\t\t\t\t\t\t\t\t<\/div>\n\t\t\t<\/div>\n\t\t<\/div>\n\t\t\t<\/div>\n\t[\/vc_column][\/vc_row]<\/p>\n<\/div>","protected":false},"excerpt":{"rendered":"<p>[vc_row][vc_column][\/vc_column][\/vc_row][vc_row][vc_column][\/vc_column][\/vc_row][vc_row el_id=&#8221;la-vie-en-fran\u00e7ais&#8221;][vc_column][\/vc_column][\/vc_row][vc_row el_class=&#8221;mhcustom&#8221;][vc_column][\/vc_column][\/vc_row][vc_row][vc_column][\/vc_column][\/vc_row][vc_row][vc_column][\/vc_column][\/vc_row][vc_row el_id=&#8221;immigration&#8221;][vc_column][\/vc_column][\/vc_row][vc_row][vc_column][\/vc_column][\/vc_row][vc_row][vc_column][\/vc_column][\/vc_row][vc_row el_class=&#8221;big-headings mhcustom&#8221;][vc_column][\/vc_column][\/vc_row][vc_row el_id=&#8221;a-quoi-vous-attendre&#8221;][vc_column][\/vc_column][\/vc_row][vc_row css=&#8221;.vc_custom_1646225665629{background-color: #71bfb1 !important;}&#8221;][vc_column][\/vc_column][\/vc_row][vc_row][vc_column][\/vc_column][\/vc_row][vc_row][vc_column][\/vc_column][\/vc_row][vc_row el_id=&#8221;en-savoir-plus&#8221;][vc_column][\/vc_column][\/vc_row][vc_row][vc_column][\/vc_column][\/vc_row][vc_row][vc_column][\/vc_column][\/vc_row]<\/p>\n","protected":false},"author":1,"featured_media":0,"parent":0,"menu_order":0,"comment_status":"closed","ping_status":"closed","template":"","meta":{"footnotes":""},"class_list":["post-3189","page","type-page","status-publish","hentry"],"featured_image_src":null,"featured_image_src_square":null,"_links":{"self":[{"href":"https:\/\/refugies.immigrationfrancophone.ca\/es\/wp-json\/wp\/v2\/pages\/3189","targetHints":{"allow":["GET"]}}],"collection":[{"href":"https:\/\/refugies.immigrationfrancophone.ca\/es\/wp-json\/wp\/v2\/pages"}],"about":[{"href":"https:\/\/refugies.immigrationfrancophone.ca\/es\/wp-json\/wp\/v2\/types\/page"}],"author":[{"embeddable":true,"href":"https:\/\/refugies.immigrationfrancophone.ca\/es\/wp-json\/wp\/v2\/users\/1"}],"replies":[{"embeddable":true,"href":"https:\/\/refugies.immigrationfrancophone.ca\/es\/wp-json\/wp\/v2\/comments?post=3189"}],"version-history":[{"count":0,"href":"https:\/\/refugies.immigrationfrancophone.ca\/es\/wp-json\/wp\/v2\/pages\/3189\/revisions"}],"wp:attachment":[{"href":"https:\/\/refugies.immigrationfrancophone.ca\/es\/wp-json\/wp\/v2\/media?parent=3189"}],"curies":[{"name":"wp","href":"https:\/\/api.w.org\/{rel}","templated":true}]}}